{"id":103,"date":"2015-07-21T09:42:12","date_gmt":"2015-07-21T09:42:12","guid":{"rendered":"http:\/\/demo.themegrill.com\/himalayas\/?page_id=103"},"modified":"2026-07-17T10:24:25","modified_gmt":"2026-07-17T08:24:25","slug":"team","status":"publish","type":"page","link":"https:\/\/www.experience-verdon.com\/de\/equipe\/","title":{"rendered":"Das Team"},"content":{"rendered":"<!--themify_builder_content-->\n<div id=\"themify_builder_content-103\" data-postid=\"103\" class=\"themify_builder_content themify_builder_content-103 themify_builder tf_clear\">\n                    <div  data-zooming-bg=\"desktop\" data-lazy=\"1\" class=\"module_row themify_builder_row tb_v85a987 tb_first tf_w\">\n            <span  class=\"builder_row_cover tf_abs\" data-lazy=\"1\"><\/span>            <div class=\"row_inner col_align_top tb_col_count_1 tf_box tf_rel\">\n                        <div  data-lazy=\"1\" class=\"module_column tb-column col-full tb_42lm987 first\">\n                    <!-- module text -->\n<div  class=\"module module-text tb_irmk824    wow\" data-tf-animation=\"fadeIn\" data-lazy=\"1\">\n        <div  class=\"tb_text_wrap\">\n        <h1 style=\"text-align: center;\">VERDON-ERFAHRUNG<\/h1>\n<p style=\"text-align: center;\">DAS B\u00dcRO DER CANYONF\u00dcHRER IN CASTELLANE<\/p>    <\/div>\n<\/div>\n<!-- \/module text -->        <\/div>\n                        <\/div>\n        <\/div>\n                        <div  data-lazy=\"1\" class=\"module_row themify_builder_row tb_ej1m305 tf_w\">\n                        <div class=\"row_inner col_align_top tb_col_count_1 tf_box tf_rel\">\n                        <div  data-lazy=\"1\" class=\"module_column tb-column col-full tb_c2x0306 first\">\n                    <!-- module text -->\n<div  class=\"module module-text tb_gl40311\" data-lazy=\"1\">\n        <div  class=\"tb_text_wrap\">\n        <h2 style=\"text-align: center;\"><span style=\"color: #13b0ad;\">Unser Team<\/span><\/h2>\n<p>Alle Monitore sind Teil des <span style=\"font-weight: bold;\">B\u00fcro der Canyon-Guides<\/span>der in <span style=\"font-weight: bold;\">Castellane<\/span>. Eine historische und physische Pr\u00e4senz, um Sie vor Ort zu empfangen und Ihre Fragen zu beantworten. Wir sind in erster Linie ein Team von Fachleuten, die seit vielen Jahren arbeiten und Spezialisten in ihren jeweiligen Disziplinen sind. Dar\u00fcber hinaus treffen wir uns das ganze Jahr \u00fcber, um zu klettern, neue Routen einzurichten oder zu er\u00f6ffnen, Schluchten und H\u00f6hlen zu durchqueren und zu reisen.\u00a0<\/p>\n<p>Diese gegenseitige Kenntnis erm\u00f6glicht uns eine reibungslose Organisation und Verst\u00e4ndigung mit dem Ziel: Ihre Sicherheit, aber in einer spielerischen Atmosph\u00e4re und mit Enthusiasmus.\u00a0<span style=\"font-size: 1em;\">Die Vielfalt unserer Praktiken garantiert Ihnen den bestm\u00f6glichen Aufenthalt in dieser Region, die wir bestens kennen, da wir dort geboren sind oder dort leben. Wir freuen uns, Sie zu begleiten, aber auch, wenn Sie an unseren Ausfl\u00fcgen teilnehmen.\u00a0<\/span><\/p>\n<p>Jeder der Guides des \u201eBureau des Guides de Canyon\u201c verf\u00fcgt \u00fcber eine Berufshaftpflichtversicherung. Wir geh\u00f6ren zu den wenigen Anbietern, die f\u00fcr Sie systematisch eine pers\u00f6nliche Unfallversicherung abschlie\u00dfen.\u00a0<\/p>    <\/div>\n<\/div>\n<!-- \/module text -->        <\/div>\n                        <\/div>\n        <\/div>\n                        <div  data-lazy=\"1\" class=\"module_row themify_builder_row tb_qpr3383 tf_w\">\n                        <div class=\"row_inner col_align_top tb_col_count_2 tf_box tf_rel\">\n                        <div  data-lazy=\"1\" class=\"module_column tb-column col4-2 tb_epjg383 first\">\n                    <!-- module image -->\n<div  class=\"module module-image tb_1h7z378 image-center circle  tf_mw\" data-lazy=\"1\">\n        <div class=\"image-wrap tf_rel tf_mw\">\n            <img loading=\"lazy\" decoding=\"async\" src=\"https:\/\/www.experience-verdon.com\/wp-content\/uploads\/2024\/05\/Lionel-catsoyannis-1-400x400.jpg\" width=\"400\" height=\"400\" class=\"wp-post-image wp-image-3344\" title=\"Lionel Catsoyannis\" alt=\"Lionel Catsoyannis, Reiseleiter Experience Verdon\" srcset=\"https:\/\/www.experience-verdon.com\/wp-content\/uploads\/2024\/05\/Lionel-catsoyannis-1-400x400.jpg 400w, https:\/\/www.experience-verdon.com\/wp-content\/uploads\/2024\/05\/Lionel-catsoyannis-1-300x300.jpg 300w, https:\/\/www.experience-verdon.com\/wp-content\/uploads\/2024\/05\/Lionel-catsoyannis-1-150x150.jpg 150w, https:\/\/www.experience-verdon.com\/wp-content\/uploads\/2024\/05\/Lionel-catsoyannis-1-768x768.jpg 768w, https:\/\/www.experience-verdon.com\/wp-content\/uploads\/2024\/05\/Lionel-catsoyannis-1-12x12.jpg 12w, https:\/\/www.experience-verdon.com\/wp-content\/uploads\/2024\/05\/Lionel-catsoyannis-1-1000x1000.jpg 1000w, https:\/\/www.experience-verdon.com\/wp-content\/uploads\/2024\/05\/Lionel-catsoyannis-1-800x800.jpg 800w, https:\/\/www.experience-verdon.com\/wp-content\/uploads\/2024\/05\/Lionel-catsoyannis-1.jpg 985w\" sizes=\"auto, (max-width: 400px) 100vw, 400px\" \/>    \n        <\/div>\n    <!-- \/image-wrap -->\n    \n        <\/div>\n<!-- \/module image --><!-- module text -->\n<div  class=\"module module-text tb_n351574\" data-lazy=\"1\">\n        <div  class=\"tb_text_wrap\">\n        <h3 style=\"text-align: center;\">Lionel Catsoyannis<\/h3>\n<p style=\"text-align: center;\">Als ehemaliger Wettk\u00e4mpfer (sechs Jahre in Folge Mitglied der franz\u00f6sischen Kletter-Nationalmannschaft) hat sich Lionel lange Zeit auch mit H\u00f6hlenklettern, Mountainbiken, Tauchen und Canyoning besch\u00e4ftigt. Er hat zahlreiche Routen in den Calanques, im Verdon, in Annot und in La Tour eingerichtet.<\/p>    <\/div>\n<\/div>\n<!-- \/module text --><!-- module button pro -->\n<div  id=\"tb_7egi813\" class=\"module module-button tb_7egi813 button-link-modal  tb_default_color hover-wow\" data-tf-animation_hover=\"pulse\" data-lazy=\"1\">\n\t\n    <a  class=\"ui builder_button tb_default_color themify_lightbox\" href=\"#modal-tb_7egi813-1\" data-zoom-config=\"80%|80%\">\n\t\t\t\t<span>Mehr dazu +<\/span>\n    <\/a>\n\n\t\t\t<div id=\"modal-tb_7egi813-1\" class=\"tf_hide\">\n\t\t<div class=\"tb_layout_part_wrap tf_w\"><!--themify_builder_content-->\n    <div  class=\"themify_builder_content themify_builder_content-3427 themify_builder not_editable_builder in_the_loop\" data-postid=\"3427\">\n                        <div  data-lazy=\"1\" class=\"module_row themify_builder_row tb_cz9j995 tf_w\">\n                        <div class=\"row_inner col_align_top tb_col_count_1 tf_box tf_rel\">\n                        <div  data-lazy=\"1\" class=\"module_column tb-column col-full tb_trj5996 first\">\n                    <!-- module text -->\n<div  class=\"module module-text tb_q7dt847\" data-lazy=\"1\">\n        <div  class=\"tb_text_wrap\">\n        <h2 style=\"text-align: left;\">Lionel Catsoyannis<\/h2><p>Lionel, bereits ein \u00abalter Kletterer\u00bb und ehemaliger Wettk\u00e4mpfer (sechs Jahre in Folge Mitglied der franz\u00f6sischen Nationalmannschaft), hat sich lange Zeit der H\u00f6hlenforschung, dem Mountainbiken, dem Tauchen und schlie\u00dflich dem Klettern gewidmet. Seit seiner Kindheit widmet Lionel seine Zeit der Wiederholung alter Routen im \u00abAbenteuergebiet\u00bb und <strong>die Ausstattung neuer Wege<\/strong>\u00a0in den Calanques und vor allem im Verdon und in Annot. Aufgrund dieser Erfahrung und der Pluralit\u00e4t seiner Praxis ist er auch\u00a0<strong>Ausbilder f\u00fcr zuk\u00fcnftige Kletter- und Canyoninglehrer.\u00a0<\/strong><\/p><p><strong>Abschl\u00fcsse:<br \/><\/strong>- Master in Sportmanagement<br \/>- BEES 1. Grad Option Klettern und Canyoning<br \/><br \/><strong>Weitere T\u00e4tigkeiten und Qualifikationen :<\/strong><br \/>- Verantwortlich f\u00fcr <a href=\"http:\/\/tradannot.over-blog.com\/5-index.html\" target=\"_blank\" rel=\"noopener\">traditionelle Kletterausbildungen<\/a> in Annot. <br \/>- Mitglied der Bergrettung 04<br \/>- Regionaler Wettkampf\u00f6ffner<br \/>- Eidgen\u00f6ssischer Mountainbike-Lehrer<br \/>- F\u00f6deraler Lehrer f\u00fcr Kanu und Kajak<\/p>    <\/div>\n<\/div>\n<!-- \/module text -->        <\/div>\n                        <\/div>\n        <\/div>\n                        <div  data-lazy=\"1\" class=\"module_row themify_builder_row tb_r2hy191 tf_w\">\n                        <div class=\"row_inner col_align_top gutter-narrow tb_col_count_2 tf_box tf_rel\">\n                        <div  data-lazy=\"1\" class=\"module_column tb-column col4-2 tb_9vi4192 first\">\n                    <!-- module image -->\n<div  class=\"module module-image tb_u7g8331 image-top   auto_fullwidth tf_mw\" data-lazy=\"1\">\n        <div class=\"image-wrap tf_rel tf_mw\">\n            <img decoding=\"async\" src=\"https:\/\/www.experience-verdon.com\/wp-content\/uploads\/2024\/05\/lionel-catsoyannis-1-1-686x1024-468x700.jpg\" height=\"700\" class=\"wp-post-image wp-image-3435\" title=\"Lionel Catsoyannis - Canyoning- und Kletterf\u00fchrer\" alt=\"Lionel Catsoyannis, Canyoning- und Kletterf\u00fchrer\" srcset=\"https:\/\/www.experience-verdon.com\/wp-content\/uploads\/2024\/05\/lionel-catsoyannis-1-1-686x1024-468x700.jpg 468w, https:\/\/www.experience-verdon.com\/wp-content\/uploads\/2024\/05\/lionel-catsoyannis-1-1-201x300.jpg 201w, https:\/\/www.experience-verdon.com\/wp-content\/uploads\/2024\/05\/lionel-catsoyannis-1-1-686x1024.jpg 686w, https:\/\/www.experience-verdon.com\/wp-content\/uploads\/2024\/05\/lionel-catsoyannis-1-1-768x1147.jpg 768w, https:\/\/www.experience-verdon.com\/wp-content\/uploads\/2024\/05\/lionel-catsoyannis-1-1-1028x1536.jpg 1028w, https:\/\/www.experience-verdon.com\/wp-content\/uploads\/2024\/05\/lionel-catsoyannis-1-1-8x12.jpg 8w, https:\/\/www.experience-verdon.com\/wp-content\/uploads\/2024\/05\/lionel-catsoyannis-1-1-686x1024-1000x1493.jpg 1000w, https:\/\/www.experience-verdon.com\/wp-content\/uploads\/2024\/05\/lionel-catsoyannis-1-1.jpg 1181w\" sizes=\"(max-width: 468px) 100vw, 468px\" \/>    \n        <\/div>\n    <!-- \/image-wrap -->\n    \n        <\/div>\n<!-- \/module image -->        <\/div>\n                    <div  data-lazy=\"1\" class=\"module_column tb-column col4-2 tb_uey7195 last\">\n                    <!-- module image -->\n<div  class=\"module module-image tb_qt8l483 image-top   tf_mw\" data-lazy=\"1\">\n        <div class=\"image-wrap tf_rel tf_mw\">\n            <img decoding=\"async\" src=\"https:\/\/www.experience-verdon.com\/wp-content\/uploads\/2024\/05\/lionel-catsoyannis-2-1024x686-1044x700.jpg\" height=\"700\" class=\"wp-post-image wp-image-3434\" title=\"Lionel Catsoyannis in den Bergen\" alt=\"Lionel Catsoyannis, Reiseleiter Experience Verdon en montagne\" srcset=\"https:\/\/www.experience-verdon.com\/wp-content\/uploads\/2024\/05\/lionel-catsoyannis-2-1024x686-1044x700.jpg 1044w, https:\/\/www.experience-verdon.com\/wp-content\/uploads\/2024\/05\/lionel-catsoyannis-2-300x201.jpg 300w, https:\/\/www.experience-verdon.com\/wp-content\/uploads\/2024\/05\/lionel-catsoyannis-2-1024x686.jpg 1024w, https:\/\/www.experience-verdon.com\/wp-content\/uploads\/2024\/05\/lionel-catsoyannis-2-768x514.jpg 768w, https:\/\/www.experience-verdon.com\/wp-content\/uploads\/2024\/05\/lionel-catsoyannis-2-1536x1028.jpg 1536w, https:\/\/www.experience-verdon.com\/wp-content\/uploads\/2024\/05\/lionel-catsoyannis-2-18x12.jpg 18w, https:\/\/www.experience-verdon.com\/wp-content\/uploads\/2024\/05\/lionel-catsoyannis-2-1024x686-1000x669.jpg 1000w, https:\/\/www.experience-verdon.com\/wp-content\/uploads\/2024\/05\/lionel-catsoyannis-2-1024x686-800x535.jpg 800w, https:\/\/www.experience-verdon.com\/wp-content\/uploads\/2024\/05\/lionel-catsoyannis-2.jpg 1764w\" sizes=\"(max-width: 1044px) 100vw, 1044px\" \/>    \n        <\/div>\n    <!-- \/image-wrap -->\n    \n        <\/div>\n<!-- \/module image -->        <\/div>\n                        <\/div>\n        <\/div>\n            <\/div>\n<!--\/themify_builder_content--><\/div>\n\t\t<\/div>\n\t\n\t<\/div>\n<!-- \/module button pro -->\n        <\/div>\n                    <div  data-lazy=\"1\" class=\"module_column tb-column col4-2 tb_wszx345 last\">\n                    <!-- module image -->\n<div  class=\"module module-image tb_p3n2267 image-center circle  tf_mw\" data-lazy=\"1\">\n        <div class=\"image-wrap tf_rel tf_mw\">\n            <img loading=\"lazy\" decoding=\"async\" src=\"https:\/\/www.experience-verdon.com\/wp-content\/uploads\/2024\/05\/eric-chauvire-1-1-400x400.jpg\" width=\"400\" height=\"400\" class=\"wp-post-image wp-image-3378\" title=\"Eric Chauvir\u00e9 - Kletter- und Canyoningf\u00fchrer\" alt=\"Eric Chauvir\u00e9, Kletter- und Canyoningf\u00fchrer\" srcset=\"https:\/\/www.experience-verdon.com\/wp-content\/uploads\/2024\/05\/eric-chauvire-1-1-400x400.jpg 400w, https:\/\/www.experience-verdon.com\/wp-content\/uploads\/2024\/05\/eric-chauvire-1-1-300x300.jpg 300w, https:\/\/www.experience-verdon.com\/wp-content\/uploads\/2024\/05\/eric-chauvire-1-1-150x150.jpg 150w, https:\/\/www.experience-verdon.com\/wp-content\/uploads\/2024\/05\/eric-chauvire-1-1-12x12.jpg 12w, https:\/\/www.experience-verdon.com\/wp-content\/uploads\/2024\/05\/eric-chauvire-1-1-1000x1000.jpg 1000w, https:\/\/www.experience-verdon.com\/wp-content\/uploads\/2024\/05\/eric-chauvire-1-1-800x800.jpg 800w, https:\/\/www.experience-verdon.com\/wp-content\/uploads\/2024\/05\/eric-chauvire-1-1.jpg 748w\" sizes=\"auto, (max-width: 400px) 100vw, 400px\" \/>    \n        <\/div>\n    <!-- \/image-wrap -->\n    \n        <\/div>\n<!-- \/module image --><!-- module text -->\n<div  class=\"module module-text tb_m5x6218\" data-lazy=\"1\">\n        <div  class=\"tb_text_wrap\">\n        <h3 style=\"text-align: center;\">Eric Chauvir\u00e9<\/h3>\n<p style=\"text-align: center;\">Zimmermann, aber nicht nur das: Eric ist Kletter- und Canyoning-Lehrer. Als p\u00e4dagogisch begabter Scherzkeks bringt er euch in jeder Situation zum Lachen. Er baut weiterhin Abenteuerparcours und Baumh\u00e4user.<\/p>    <\/div>\n<\/div>\n<!-- \/module text --><!-- module button pro -->\n<div  id=\"tb_gw8f243\" class=\"module module-button tb_gw8f243 button-link-modal  tb_default_color hover-wow\" data-tf-animation_hover=\"pulse\" data-lazy=\"1\">\n\t\n    <a  class=\"ui builder_button tb_default_color themify_lightbox\" href=\"#modal-tb_gw8f243-2\" data-zoom-config=\"80%|80%\">\n\t\t\t\t<span>Mehr dazu +<\/span>\n    <\/a>\n\n\t\t\t<div id=\"modal-tb_gw8f243-2\" class=\"tf_hide\">\n\t\t<div class=\"tb_layout_part_wrap tf_w\"><!--themify_builder_content-->\n    <div  class=\"themify_builder_content themify_builder_content-3451 themify_builder not_editable_builder in_the_loop\" data-postid=\"3451\">\n                        <div  data-lazy=\"1\" class=\"module_row themify_builder_row tb_cz9j995 tf_w\">\n                        <div class=\"row_inner col_align_top tb_col_count_1 tf_box tf_rel\">\n                        <div  data-lazy=\"1\" class=\"module_column tb-column col-full tb_trj5996 first\">\n                    <!-- module text -->\n<div  class=\"module module-text tb_q7dt847\" data-lazy=\"1\">\n        <div  class=\"tb_text_wrap\">\n        <h2>Eric Chauvir\u00e9<\/h2>\n<p>Als Zimmermann hat sich Eric die n\u00f6tige Disziplin bewahrt, um sich auf den Bau von Abenteuerparcours und Baumh\u00e4usern umzustellen. Heute konzentriert sich Eric auf die Betreuung von Canyoning- und Klettertouren. Au\u00dferdem ist er ein unerm\u00fcdlicher Reisender mit dem Fahrrad.<\/p>\n<p><strong>Abschl\u00fcsse:<br><\/strong>- BEES 1. Grad Option Klettern und Canyoning<br>- Bapatt Kanu und Kajak<br>- Bapatt Mountainbike<br>- Bapatt Orientierungslauf<\/p>\n<p><strong>Andere Qualifikationen:<\/strong><br>- Pr\u00fcfer f\u00fcr Canyoning-Ausr\u00fcstung (06)<\/p>    <\/div>\n<\/div>\n<!-- \/module text -->        <\/div>\n                        <\/div>\n        <\/div>\n                        <div  data-lazy=\"1\" class=\"module_row themify_builder_row tb_r2hy191 tf_w\">\n                        <div class=\"row_inner col_align_top tb_col_count_2 tf_box tf_rel\">\n                        <div  data-lazy=\"1\" class=\"module_column tb-column col4-2 tb_9vi4192 first\">\n                    <!-- module image -->\n<div  class=\"module module-image tb_7qmj593 image-top   auto_fullwidth tf_mw\" data-lazy=\"1\">\n        <div class=\"image-wrap tf_rel tf_mw\">\n            <img loading=\"lazy\" decoding=\"async\" width=\"2560\" height=\"1920\" src=\"https:\/\/www.experience-verdon.com\/wp-content\/uploads\/2024\/05\/eric-chauvire-el-capitan-1-scaled.jpg\" class=\"wp-post-image wp-image-3458\" title=\"Eric Chauvir\u00e9 in El Capitan\" alt=\"Eric Chauvir\u00e9 beim Klettern auf El Capitan\" srcset=\"https:\/\/www.experience-verdon.com\/wp-content\/uploads\/2024\/05\/eric-chauvire-el-capitan-1-scaled.jpg 2560w, https:\/\/www.experience-verdon.com\/wp-content\/uploads\/2024\/05\/eric-chauvire-el-capitan-1-300x225.jpg 300w, https:\/\/www.experience-verdon.com\/wp-content\/uploads\/2024\/05\/eric-chauvire-el-capitan-1-1024x768.jpg 1024w, https:\/\/www.experience-verdon.com\/wp-content\/uploads\/2024\/05\/eric-chauvire-el-capitan-1-768x576.jpg 768w, https:\/\/www.experience-verdon.com\/wp-content\/uploads\/2024\/05\/eric-chauvire-el-capitan-1-1536x1152.jpg 1536w, https:\/\/www.experience-verdon.com\/wp-content\/uploads\/2024\/05\/eric-chauvire-el-capitan-1-2048x1536.jpg 2048w, https:\/\/www.experience-verdon.com\/wp-content\/uploads\/2024\/05\/eric-chauvire-el-capitan-1-16x12.jpg 16w, https:\/\/www.experience-verdon.com\/wp-content\/uploads\/2024\/05\/eric-chauvire-el-capitan-1-1024x768-1000x750.jpg 1000w, https:\/\/www.experience-verdon.com\/wp-content\/uploads\/2024\/05\/eric-chauvire-el-capitan-1-1024x768-400x300.jpg 400w, https:\/\/www.experience-verdon.com\/wp-content\/uploads\/2024\/05\/eric-chauvire-el-capitan-1-1024x768-800x600.jpg 800w\" sizes=\"auto, (max-width: 2560px) 100vw, 2560px\" \/>    \n        <\/div>\n    <!-- \/image-wrap -->\n    \n        <\/div>\n<!-- \/module image -->        <\/div>\n                    <div  data-lazy=\"1\" class=\"module_column tb-column col4-2 tb_4k5e425 last\">\n                    <!-- module image -->\n<div  class=\"module module-image tb_ncz4561 image-top   auto_fullwidth tf_mw\" data-lazy=\"1\">\n        <div class=\"image-wrap tf_rel tf_mw\">\n            <img loading=\"lazy\" decoding=\"async\" width=\"1400\" height=\"1050\" src=\"https:\/\/www.experience-verdon.com\/wp-content\/uploads\/2024\/05\/eric-chauvie-3.jpg\" class=\"wp-post-image wp-image-3553\" title=\"Eric Chauvir\u00e9 - Reisef\u00fchrer Experience Verdon\" alt=\"Eric Chauvir\u00e9, Reiseleiter Experience Verdon\" srcset=\"https:\/\/www.experience-verdon.com\/wp-content\/uploads\/2024\/05\/eric-chauvie-3.jpg 1400w, https:\/\/www.experience-verdon.com\/wp-content\/uploads\/2024\/05\/eric-chauvie-3-300x225.jpg 300w, https:\/\/www.experience-verdon.com\/wp-content\/uploads\/2024\/05\/eric-chauvie-3-1024x768.jpg 1024w, https:\/\/www.experience-verdon.com\/wp-content\/uploads\/2024\/05\/eric-chauvie-3-768x576.jpg 768w, https:\/\/www.experience-verdon.com\/wp-content\/uploads\/2024\/05\/eric-chauvie-3-16x12.jpg 16w, https:\/\/www.experience-verdon.com\/wp-content\/uploads\/2024\/05\/eric-chauvie-3-1024x768-1000x750.jpg 1000w, https:\/\/www.experience-verdon.com\/wp-content\/uploads\/2024\/05\/eric-chauvie-3-1024x768-400x300.jpg 400w, https:\/\/www.experience-verdon.com\/wp-content\/uploads\/2024\/05\/eric-chauvie-3-1024x768-800x600.jpg 800w\" sizes=\"auto, (max-width: 1400px) 100vw, 1400px\" \/>    \n        <\/div>\n    <!-- \/image-wrap -->\n    \n        <\/div>\n<!-- \/module image -->        <\/div>\n                        <\/div>\n        <\/div>\n                        <div  data-lazy=\"1\" class=\"module_row themify_builder_row tb_1rgt683 tf_w\">\n                        <div class=\"row_inner col_align_top tb_col_count_1 tf_box tf_rel\">\n                        <div  data-lazy=\"1\" class=\"module_column tb-column col-full tb_yvjo683 first\">\n                    <!-- module image -->\n<div  class=\"module module-image tb_coam333 image-top   auto_fullwidth tf_mw\" data-lazy=\"1\">\n        <div class=\"image-wrap tf_rel tf_mw\">\n            <img loading=\"lazy\" decoding=\"async\" width=\"1500\" height=\"758\" src=\"https:\/\/www.experience-verdon.com\/wp-content\/uploads\/2024\/05\/eric-lionel-1.jpg\" class=\"wp-post-image wp-image-3554\" title=\"Eric und Lionel - Reisef\u00fchrer Experience Verdon\" alt=\"Eric und Lionel, Reiseleiter Experience Verdon\" srcset=\"https:\/\/www.experience-verdon.com\/wp-content\/uploads\/2024\/05\/eric-lionel-1.jpg 1500w, https:\/\/www.experience-verdon.com\/wp-content\/uploads\/2024\/05\/eric-lionel-1-300x152.jpg 300w, https:\/\/www.experience-verdon.com\/wp-content\/uploads\/2024\/05\/eric-lionel-1-1024x517.jpg 1024w, https:\/\/www.experience-verdon.com\/wp-content\/uploads\/2024\/05\/eric-lionel-1-768x388.jpg 768w, https:\/\/www.experience-verdon.com\/wp-content\/uploads\/2024\/05\/eric-lionel-1-18x9.jpg 18w, https:\/\/www.experience-verdon.com\/wp-content\/uploads\/2024\/05\/eric-lionel-1-1024x517-1000x505.jpg 1000w, https:\/\/www.experience-verdon.com\/wp-content\/uploads\/2024\/05\/eric-lionel-1-1024x517-800x404.jpg 800w\" sizes=\"auto, (max-width: 1500px) 100vw, 1500px\" \/>    \n        <\/div>\n    <!-- \/image-wrap -->\n    \n        <\/div>\n<!-- \/module image -->        <\/div>\n                        <\/div>\n        <\/div>\n            <\/div>\n<!--\/themify_builder_content--><\/div>\n\t\t<\/div>\n\t\n\t<\/div>\n<!-- \/module button pro -->\n        <\/div>\n                        <\/div>\n        <\/div>\n                        <div  data-lazy=\"1\" class=\"module_row themify_builder_row tb_3ogx20 tf_w\">\n                        <div class=\"row_inner col_align_top tb_col_count_3 tf_box tf_rel\">\n                        <div  data-lazy=\"1\" class=\"module_column tb-column col3-1 tb_91p3345 first\">\n                    <!-- module image -->\n<div  class=\"module module-image tb_0r8a964 image-center circle  tf_mw\" data-lazy=\"1\">\n        <div class=\"image-wrap tf_rel tf_mw\">\n            <img loading=\"lazy\" decoding=\"async\" width=\"1005\" height=\"1004\" src=\"https:\/\/www.experience-verdon.com\/wp-content\/uploads\/2024\/05\/Eric-verdon-1.jpg\" class=\"wp-post-image wp-image-3361\" title=\"Eric in der Verdon\" alt=\"Eric, Guide Experience Verdon in den Gorges du Verdon\" srcset=\"https:\/\/www.experience-verdon.com\/wp-content\/uploads\/2024\/05\/Eric-verdon-1.jpg 1005w, https:\/\/www.experience-verdon.com\/wp-content\/uploads\/2024\/05\/Eric-verdon-1-300x300.jpg 300w, https:\/\/www.experience-verdon.com\/wp-content\/uploads\/2024\/05\/Eric-verdon-1-150x150.jpg 150w, https:\/\/www.experience-verdon.com\/wp-content\/uploads\/2024\/05\/Eric-verdon-1-768x767.jpg 768w, https:\/\/www.experience-verdon.com\/wp-content\/uploads\/2024\/05\/Eric-verdon-1-12x12.jpg 12w, https:\/\/www.experience-verdon.com\/wp-content\/uploads\/2024\/05\/Eric-verdon-1-1000x999.jpg 1000w, https:\/\/www.experience-verdon.com\/wp-content\/uploads\/2024\/05\/Eric-verdon-1-800x799.jpg 800w\" sizes=\"auto, (max-width: 1005px) 100vw, 1005px\" \/>    \n        <\/div>\n    <!-- \/image-wrap -->\n    \n        <\/div>\n<!-- \/module image --><!-- module text -->\n<div  class=\"module module-text tb_j7xq954\" data-lazy=\"1\">\n        <div  class=\"tb_text_wrap\">\n        <h3 style=\"text-align: center;\">Eric Valls<\/h3>\n<p style=\"text-align: center;\">Eric ist Universit\u00e4tsdozent und engagiert sich sehr f\u00fcr das Klettern und die Ausr\u00fcstung von Kletterrouten. Er bewahrt unter allen Umst\u00e4nden die Ruhe und wird Sie mit seinem Humor und seiner legend\u00e4ren Organisationsf\u00e4higkeit \u00fcberraschen.<\/p>    <\/div>\n<\/div>\n<!-- \/module text --><!-- module button pro -->\n<div  id=\"tb_p3qm839\" class=\"module module-button tb_p3qm839 button-link-modal  tb_default_color hover-wow\" data-tf-animation_hover=\"pulse\" data-lazy=\"1\">\n\t\n    <a  class=\"ui builder_button tb_default_color themify_lightbox\" href=\"#modal-tb_p3qm839-3\" data-zoom-config=\"80%|80%\">\n\t\t\t\t<span>Mehr dazu +<\/span>\n    <\/a>\n\n\t\t\t<div id=\"modal-tb_p3qm839-3\" class=\"tf_hide\">\n\t\t<div class=\"tb_layout_part_wrap tf_w\"><!--themify_builder_content-->\n    <div  class=\"themify_builder_content themify_builder_content-3385 themify_builder not_editable_builder in_the_loop\" data-postid=\"3385\">\n                        <div  data-lazy=\"1\" class=\"module_row themify_builder_row tb_cz9j995 tf_w\">\n                        <div class=\"row_inner col_align_top tb_col_count_1 tf_box tf_rel\">\n                        <div  data-lazy=\"1\" class=\"module_column tb-column col-full tb_trj5996 first\">\n                    <!-- module text -->\n<div  class=\"module module-text tb_q7dt847\" data-lazy=\"1\">\n        <div  class=\"tb_text_wrap\">\n        <h2>Eric Vals<\/h2>\n<p>Als Universit\u00e4tsprofessor, der sich aber sehr f\u00fcr das Klettern und die Ausr\u00fcstung von Routen engagiert, wird Eric in jeder Situation die Ruhe bewahren und Sie mit seinem legend\u00e4ren Humor und seiner Organisation verbl\u00fcffen.<\/p>\n<p><b>Diplome:\u00a0<\/b><br><span style=\"font-size: 1em;\">- Staatlich gepr\u00fcfter Kletterer.<\/span><\/p>    <\/div>\n<\/div>\n<!-- \/module text -->        <\/div>\n                        <\/div>\n        <\/div>\n                        <div  data-lazy=\"1\" class=\"module_row themify_builder_row tb_r2hy191 tf_w\">\n                        <div class=\"row_inner col_align_top tb_col_count_1 tf_box tf_rel\">\n                        <div  data-lazy=\"1\" class=\"module_column tb-column col-full tb_9vi4192 first\">\n                    <!-- module image -->\n<div  class=\"module module-image tb_7qmj593 image-top   tf_mw\" data-lazy=\"1\">\n        <div class=\"image-wrap tf_rel tf_mw\">\n            <img loading=\"lazy\" decoding=\"async\" src=\"https:\/\/www.experience-verdon.com\/wp-content\/uploads\/2024\/05\/eric-val-1-768x1024-800x1066.jpg\" width=\"800\" height=\"1066\" class=\"wp-post-image wp-image-3389\" title=\"Eric beim Canyoning im Val d&#039;Angouire\" alt=\"Eric beim Canyoning im Val d&#039;Angouire\" srcset=\"https:\/\/www.experience-verdon.com\/wp-content\/uploads\/2024\/05\/eric-val-1-768x1024-800x1066.jpg 800w, https:\/\/www.experience-verdon.com\/wp-content\/uploads\/2024\/05\/eric-val-1-225x300.jpg 225w, https:\/\/www.experience-verdon.com\/wp-content\/uploads\/2024\/05\/eric-val-1-768x1024.jpg 768w, https:\/\/www.experience-verdon.com\/wp-content\/uploads\/2024\/05\/eric-val-1-1152x1536.jpg 1152w, https:\/\/www.experience-verdon.com\/wp-content\/uploads\/2024\/05\/eric-val-1-9x12.jpg 9w, https:\/\/www.experience-verdon.com\/wp-content\/uploads\/2024\/05\/eric-val-1-768x1024-600x800.jpg 600w, https:\/\/www.experience-verdon.com\/wp-content\/uploads\/2024\/05\/eric-val-1-768x1024-1000x1333.jpg 1000w, https:\/\/www.experience-verdon.com\/wp-content\/uploads\/2024\/05\/eric-val-1.jpg 1200w\" sizes=\"auto, (max-width: 800px) 100vw, 800px\" \/>    \n        <\/div>\n    <!-- \/image-wrap -->\n    \n        <\/div>\n<!-- \/module image -->        <\/div>\n                        <\/div>\n        <\/div>\n            <\/div>\n<!--\/themify_builder_content--><\/div>\n\t\t<\/div>\n\t\n\t<\/div>\n<!-- \/module button pro -->\n        <\/div>\n                    <div  data-lazy=\"1\" class=\"module_column tb-column col3-1 tb_du1x21\">\n                    <!-- module image -->\n<div  class=\"module module-image tb_ygxz21 image-center circle  tf_mw\" data-lazy=\"1\">\n        <div class=\"image-wrap tf_rel tf_mw\">\n            <img loading=\"lazy\" decoding=\"async\" width=\"1405\" height=\"1405\" src=\"https:\/\/www.experience-verdon.com\/wp-content\/uploads\/2026\/07\/timo-mzk.jpeg\" class=\"wp-post-image wp-image-4728\" title=\"timo-mzk\" alt=\"\" srcset=\"https:\/\/www.experience-verdon.com\/wp-content\/uploads\/2026\/07\/timo-mzk.jpeg 1405w, https:\/\/www.experience-verdon.com\/wp-content\/uploads\/2026\/07\/timo-mzk-300x300.jpeg 300w, https:\/\/www.experience-verdon.com\/wp-content\/uploads\/2026\/07\/timo-mzk-1024x1024.jpeg 1024w, https:\/\/www.experience-verdon.com\/wp-content\/uploads\/2026\/07\/timo-mzk-150x150.jpeg 150w, https:\/\/www.experience-verdon.com\/wp-content\/uploads\/2026\/07\/timo-mzk-768x768.jpeg 768w, https:\/\/www.experience-verdon.com\/wp-content\/uploads\/2026\/07\/timo-mzk-12x12.jpeg 12w\" sizes=\"auto, (max-width: 1405px) 100vw, 1405px\" \/>    \n        <\/div>\n    <!-- \/image-wrap -->\n    \n        <\/div>\n<!-- \/module image --><!-- module text -->\n<div  class=\"module module-text tb_bwfx21\" data-lazy=\"1\">\n        <div  class=\"tb_text_wrap\">\n        <h3 style=\"text-align: center;\">Timo Maszewski<\/h3>\n<p style=\"text-align: center;\">Timo ist ein begeisterter Felskletterer und reist durch ganz Frankreich, um die sch\u00f6nsten Routen zu finden. Er begleitet Sie bei Mehrseill\u00e4ngenrouten mit Gelassenheit und Geduld.<\/p>    <\/div>\n<\/div>\n<!-- \/module text --><!-- module button pro -->\n<div  id=\"tb_zo7r21\" class=\"module module-button tb_zo7r21 button-link-modal  tb_default_color hover-wow\" data-tf-animation_hover=\"pulse\" data-lazy=\"1\">\n\t\n    <a  class=\"ui builder_button tb_default_color themify_lightbox\" href=\"#modal-tb_zo7r21-4\" data-zoom-config=\"80%|80%\">\n\t\t\t\t<span>Mehr dazu +<\/span>\n    <\/a>\n\n\t\t\t<div id=\"modal-tb_zo7r21-4\" class=\"tf_hide\">\n\t\t<div class=\"tb_layout_part_wrap tf_w\"><!--themify_builder_content-->\n    <div  class=\"themify_builder_content themify_builder_content-4748 themify_builder not_editable_builder in_the_loop\" data-postid=\"4748\">\n                        <div  data-lazy=\"1\" class=\"module_row themify_builder_row tb_lqec765 tf_w\">\n                        <div class=\"row_inner col_align_top tb_col_count_1 tf_box tf_rel\">\n                        <div  data-lazy=\"1\" class=\"module_column tb-column col-full tb_tzy3765 first\">\n                    <!-- module text -->\n<div  class=\"module module-text tb_w18458\" data-lazy=\"1\">\n        <div  class=\"tb_text_wrap\">\n        <h2>Timo Maszewski<\/h2><p>Timo stammt aus Savoyen und f\u00e4hrt regelm\u00e4\u00dfig ins Verdon, um dort Einsteigerkurse und Fortgeschrittenenkurse f\u00fcr Mehrseill\u00e4ngenrouten zu geben.<\/p><p>Als ehemaliger Spitzensportler im Freestyle-Skifahren entdeckte er w\u00e4hrend seines Ingenieurstudiums seine Leidenschaft f\u00fcr das Klettern. Seitdem hat er so viele Felsw\u00e4nde wie m\u00f6glich erkundet, um die sch\u00f6nsten Routen und Mehrseill\u00e4ngenrouten in Frankreich und im Ausland zu finden.<br \/>Au\u00dferdem war er als Ingenieur an einem Projekt mit dem FFME zur Analyse von Videos aus dem Wettkampfklettern beteiligt.<\/p><p>Weitere Informationen finden Sie auf seiner Website: <a href=\"http:\/\/www.timo-mzk.com\" target=\"_blank\" rel=\"noopener\">www.timo-mzk.com<\/a><\/p><p><strong>Abschluss<\/strong> : DEJEPS \u00abKlettern in der freien Natur\u00bb<\/p>    <\/div>\n<\/div>\n<!-- \/module text -->        <\/div>\n                        <\/div>\n        <\/div>\n                        <div  data-lazy=\"1\" class=\"module_row themify_builder_row tb_qtg3571 tf_w\">\n                        <div class=\"row_inner col_align_top tb_col_count_2 tf_box tf_rel\">\n                        <div  data-lazy=\"1\" class=\"module_column tb-column col4-2 tb_3bsv571 first\">\n                    <!-- module image -->\n<div  class=\"module module-image tb_11w7742 image-top   tf_mw\" data-lazy=\"1\">\n        <div class=\"image-wrap tf_rel tf_mw\">\n            <img loading=\"lazy\" decoding=\"async\" width=\"1340\" height=\"1914\" src=\"https:\/\/www.experience-verdon.com\/wp-content\/uploads\/2026\/07\/timo-verdon-surveiller-punir.jpg\" class=\"wp-post-image wp-image-4769\" title=\"timo-verdon-\u00fcberwachen-bestrafen\" alt=\"\" srcset=\"https:\/\/www.experience-verdon.com\/wp-content\/uploads\/2026\/07\/timo-verdon-surveiller-punir.jpg 1340w, https:\/\/www.experience-verdon.com\/wp-content\/uploads\/2026\/07\/timo-verdon-surveiller-punir-210x300.jpg 210w, https:\/\/www.experience-verdon.com\/wp-content\/uploads\/2026\/07\/timo-verdon-surveiller-punir-717x1024.jpg 717w, https:\/\/www.experience-verdon.com\/wp-content\/uploads\/2026\/07\/timo-verdon-surveiller-punir-768x1097.jpg 768w, https:\/\/www.experience-verdon.com\/wp-content\/uploads\/2026\/07\/timo-verdon-surveiller-punir-1075x1536.jpg 1075w, https:\/\/www.experience-verdon.com\/wp-content\/uploads\/2026\/07\/timo-verdon-surveiller-punir-8x12.jpg 8w\" sizes=\"auto, (max-width: 1340px) 100vw, 1340px\" \/>    \n        <\/div>\n    <!-- \/image-wrap -->\n    \n        <\/div>\n<!-- \/module image -->        <\/div>\n                    <div  data-lazy=\"1\" class=\"module_column tb-column col4-2 tb_90u4859 last\">\n                    <!-- module image -->\n<div  class=\"module module-image tb_o37325 image-top   tf_mw\" data-lazy=\"1\">\n        <div class=\"image-wrap tf_rel tf_mw\">\n            <img loading=\"lazy\" decoding=\"async\" width=\"1200\" height=\"1600\" src=\"https:\/\/www.experience-verdon.com\/wp-content\/uploads\/2026\/07\/timo-calanques.jpeg\" class=\"wp-post-image wp-image-4770\" title=\"timo-calanques\" alt=\"\" srcset=\"https:\/\/www.experience-verdon.com\/wp-content\/uploads\/2026\/07\/timo-calanques.jpeg 1200w, https:\/\/www.experience-verdon.com\/wp-content\/uploads\/2026\/07\/timo-calanques-225x300.jpeg 225w, https:\/\/www.experience-verdon.com\/wp-content\/uploads\/2026\/07\/timo-calanques-768x1024.jpeg 768w, https:\/\/www.experience-verdon.com\/wp-content\/uploads\/2026\/07\/timo-calanques-1152x1536.jpeg 1152w, https:\/\/www.experience-verdon.com\/wp-content\/uploads\/2026\/07\/timo-calanques-9x12.jpeg 9w\" sizes=\"auto, (max-width: 1200px) 100vw, 1200px\" \/>    \n        <\/div>\n    <!-- \/image-wrap -->\n    \n        <\/div>\n<!-- \/module image -->        <\/div>\n                        <\/div>\n        <\/div>\n            <\/div>\n<!--\/themify_builder_content--><\/div>\n\t\t<\/div>\n\t\n\t<\/div>\n<!-- \/module button pro -->\n        <\/div>\n                    <div  data-lazy=\"1\" class=\"module_column tb-column col3-1 tb_dj0t21 last\">\n                    <!-- module image -->\n<div  class=\"module module-image tb_lgk621 image-center circle  tf_mw\" data-lazy=\"1\">\n        <div class=\"image-wrap tf_rel tf_mw\">\n            <img loading=\"lazy\" decoding=\"async\" width=\"1097\" height=\"1097\" src=\"https:\/\/www.experience-verdon.com\/wp-content\/uploads\/2025\/09\/WhatsApp-Image-2025-08-26-at-12.12.26-e1757061223338.jpeg\" class=\"wp-post-image wp-image-4574\" title=\"Canyoning-F\u00fchrer in den Gorges du Verdon\" alt=\"Ausgestatteter F\u00fchrer f\u00fcr Canyoning in den Gorges du Verdon\" srcset=\"https:\/\/www.experience-verdon.com\/wp-content\/uploads\/2025\/09\/WhatsApp-Image-2025-08-26-at-12.12.26-e1757061223338.jpeg 1097w, https:\/\/www.experience-verdon.com\/wp-content\/uploads\/2025\/09\/WhatsApp-Image-2025-08-26-at-12.12.26-e1757061223338-300x300.jpeg 300w, https:\/\/www.experience-verdon.com\/wp-content\/uploads\/2025\/09\/WhatsApp-Image-2025-08-26-at-12.12.26-e1757061223338-1024x1024.jpeg 1024w, https:\/\/www.experience-verdon.com\/wp-content\/uploads\/2025\/09\/WhatsApp-Image-2025-08-26-at-12.12.26-e1757061223338-150x150.jpeg 150w, https:\/\/www.experience-verdon.com\/wp-content\/uploads\/2025\/09\/WhatsApp-Image-2025-08-26-at-12.12.26-e1757061223338-768x768.jpeg 768w, https:\/\/www.experience-verdon.com\/wp-content\/uploads\/2025\/09\/WhatsApp-Image-2025-08-26-at-12.12.26-e1757061223338-12x12.jpeg 12w\" sizes=\"auto, (max-width: 1097px) 100vw, 1097px\" \/>    \n        <\/div>\n    <!-- \/image-wrap -->\n    \n        <\/div>\n<!-- \/module image --><!-- module text -->\n<div  class=\"module module-text tb_98zn21\" data-lazy=\"1\">\n        <div  class=\"tb_text_wrap\">\n        <h3 style=\"text-align: center;\">Fred Campani<\/h3>\n<p style=\"text-align: center;\">Fred arbeitet von Anfang an mit uns zusammen. Er ist eine St\u00fctze im wahrsten Sinne des Wortes, immer fit und sehr p\u00e4dagogisch Fred wird dir Dinge gelingen lassen, die du dir nicht vorstellen kannst.<\/p>    <\/div>\n<\/div>\n<!-- \/module text --><!-- module button pro -->\n<div  id=\"tb_7zk421\" class=\"module module-button tb_7zk421 button-link-modal  tb_default_color hover-wow\" data-tf-animation_hover=\"pulse\" data-lazy=\"1\">\n\t\n    <a  class=\"ui builder_button tb_default_color themify_lightbox\" href=\"#modal-tb_7zk421-5\" data-zoom-config=\"80%|80%\">\n\t\t\t\t<span>Mehr dazu +<\/span>\n    <\/a>\n\n\t\t\t<div id=\"modal-tb_7zk421-5\" class=\"tf_hide\">\n\t\t<div class=\"tb_layout_part_wrap tf_w\"><!--themify_builder_content-->\n    <div  class=\"themify_builder_content themify_builder_content-3463 themify_builder not_editable_builder in_the_loop\" data-postid=\"3463\">\n                        <div  data-lazy=\"1\" class=\"module_row themify_builder_row tb_cz9j995 tf_w\">\n                        <div class=\"row_inner col_align_top tb_col_count_1 tf_box tf_rel\">\n                        <div  data-lazy=\"1\" class=\"module_column tb-column col-full tb_trj5996 first\">\n                    <!-- module text -->\n<div  class=\"module module-text tb_q7dt847\" data-lazy=\"1\">\n        <div  class=\"tb_text_wrap\">\n        <h2 style=\"text-align: left;\">Fred Campani<\/h2>\n<p style=\"text-align: left;\">Fred arbeitet von Anfang an bei uns, er ist eine St\u00fctze im wahrsten Sinne des Wortes, immer in Form und sehr p\u00e4dagogisch. Fred wird Ihnen Dinge erm\u00f6glichen, die Sie sich nicht vorstellen k\u00f6nnen, das ist seine Berufung. Als ehemaliger Ausbilder der Alpenj\u00e4ger dreht sich sein Leben um die Natur und die Klippen. Fred ist auch in Fontainebleau ans\u00e4ssig und bietet authentische Erlebnisse, um das menschliche Potenzial in der Natur zu entfalten:\u00a0<a style=\"font-size: 1em;\" href=\"https:\/\/www.top-natureaventure.fr\/\" target=\"_blank\" rel=\"noopener\">https:\/\/www.top-natureaventure.fr\/<\/a>\u00a0.<\/p>    <\/div>\n<\/div>\n<!-- \/module text -->        <\/div>\n                        <\/div>\n        <\/div>\n                        <div  data-lazy=\"1\" class=\"module_row themify_builder_row tb_r2hy191 tf_w\">\n                        <div class=\"row_inner col_align_top tb_col_count_1 tf_box tf_rel\">\n                        <div  data-lazy=\"1\" class=\"module_column tb-column col-full tb_9vi4192 first\">\n                    <!-- module image -->\n<div  class=\"module module-image tb_7qmj593 image-top   auto_fullwidth tf_mw\" data-lazy=\"1\">\n        <div class=\"image-wrap tf_rel tf_mw\">\n            <img loading=\"lazy\" decoding=\"async\" src=\"https:\/\/www.experience-verdon.com\/wp-content\/uploads\/2025\/09\/WhatsApp-Image-2025-08-26-at-12.12.26-1.jpeg\" width=\"735\" height=\"550\" alt=\"\">    \n        <\/div>\n    <!-- \/image-wrap -->\n    \n        <\/div>\n<!-- \/module image -->        <\/div>\n                        <\/div>\n        <\/div>\n            <\/div>\n<!--\/themify_builder_content--><\/div>\n\t\t<\/div>\n\t\n\t<\/div>\n<!-- \/module button pro -->\n        <\/div>\n                        <\/div>\n        <\/div>\n                        <div  data-lazy=\"1\" class=\"module_row themify_builder_row tb_64p4332 tf_w\">\n                        <div class=\"row_inner col_align_top tb_col_count_2 tf_box tf_rel\">\n                        <div  data-lazy=\"1\" class=\"module_column tb-column col4-2 tb_fgfa332 first\">\n                    <!-- module image -->\n<div  class=\"module module-image tb_kh1g332 image-center circle  tf_mw\" data-lazy=\"1\">\n        <div class=\"image-wrap tf_rel tf_mw\">\n            <img loading=\"lazy\" decoding=\"async\" src=\"https:\/\/www.experience-verdon.com\/wp-content\/uploads\/2026\/05\/ophelie-via-ferrata-994x1024-400x411.jpg\" width=\"400\" height=\"411\" class=\"wp-post-image wp-image-4643\" title=\"Screenshot\" alt=\"\" srcset=\"https:\/\/www.experience-verdon.com\/wp-content\/uploads\/2026\/05\/ophelie-via-ferrata-994x1024-400x411.jpg 400w, https:\/\/www.experience-verdon.com\/wp-content\/uploads\/2026\/05\/ophelie-via-ferrata-291x300.jpg 291w, https:\/\/www.experience-verdon.com\/wp-content\/uploads\/2026\/05\/ophelie-via-ferrata-994x1024.jpg 994w, https:\/\/www.experience-verdon.com\/wp-content\/uploads\/2026\/05\/ophelie-via-ferrata-768x791.jpg 768w, https:\/\/www.experience-verdon.com\/wp-content\/uploads\/2026\/05\/ophelie-via-ferrata-12x12.jpg 12w, https:\/\/www.experience-verdon.com\/wp-content\/uploads\/2026\/05\/ophelie-via-ferrata.jpg 1476w\" sizes=\"auto, (max-width: 400px) 100vw, 400px\" \/>    \n        <\/div>\n    <!-- \/image-wrap -->\n    \n        <\/div>\n<!-- \/module image --><!-- module text -->\n<div  class=\"module module-text tb_ad7y332\" data-lazy=\"1\">\n        <div  class=\"tb_text_wrap\">\n        <h3 style=\"text-align: center;\">Oph\u00e9lie<\/h3>\n<p style=\"text-align: center;\">Oph\u00e9lie ist die St\u00fctze des Klettersteigs von Puget \u2013 sie ist \u00fcberall: am Empfang, wo sie die Ausr\u00fcstung ausgibt und Erkl\u00e4rungen gibt, und am Ziel der gro\u00dfen Seilrutsche, wo sie euch hilft!<\/p>    <\/div>\n<\/div>\n<!-- \/module text -->        <\/div>\n                    <div  data-lazy=\"1\" class=\"module_column tb-column col4-2 tb_xght332 last\">\n                    <!-- module image -->\n<div  class=\"module module-image tb_3wmq332 image-center circle  tf_mw\" data-lazy=\"1\">\n        <div class=\"image-wrap tf_rel tf_mw\">\n            <img loading=\"lazy\" decoding=\"async\" src=\"https:\/\/www.experience-verdon.com\/wp-content\/uploads\/2025\/07\/IMG_1135-986x1024-400x415.jpeg\" width=\"400\" height=\"415\" class=\"wp-post-image wp-image-4540\" title=\"Outdoor-Portr\u00e4t mit Helm in Via Cordata\" alt=\"Teilnehmerin mit Helm w\u00e4hrend einer vertikalen Aktivit\u00e4t in der Natur\" srcset=\"https:\/\/www.experience-verdon.com\/wp-content\/uploads\/2025\/07\/IMG_1135-986x1024-400x415.jpeg 400w, https:\/\/www.experience-verdon.com\/wp-content\/uploads\/2025\/07\/IMG_1135-289x300.jpeg 289w, https:\/\/www.experience-verdon.com\/wp-content\/uploads\/2025\/07\/IMG_1135-986x1024.jpeg 986w, https:\/\/www.experience-verdon.com\/wp-content\/uploads\/2025\/07\/IMG_1135-768x797.jpeg 768w, https:\/\/www.experience-verdon.com\/wp-content\/uploads\/2025\/07\/IMG_1135-12x12.jpeg 12w, https:\/\/www.experience-verdon.com\/wp-content\/uploads\/2025\/07\/IMG_1135-986x1024-1000x1038.jpeg 1000w, https:\/\/www.experience-verdon.com\/wp-content\/uploads\/2025\/07\/IMG_1135-986x1024-800x830.jpeg 800w, https:\/\/www.experience-verdon.com\/wp-content\/uploads\/2025\/07\/IMG_1135.jpeg 1016w\" sizes=\"auto, (max-width: 400px) 100vw, 400px\" \/>    \n        <\/div>\n    <!-- \/image-wrap -->\n    \n        <\/div>\n<!-- \/module image --><!-- module text -->\n<div  class=\"module module-text tb_zgae332\" data-lazy=\"1\">\n        <div  class=\"tb_text_wrap\">\n        <h3 style=\"text-align: center;\">Jasmin<\/h3>\n<p style=\"text-align: center;\">Jasmine wird Sie am Telefon und im B\u00fcro begr\u00fc\u00dfen. Sie ist sehr darum bem\u00fcht, dass Sie eine gute Zeit in der Region haben und dass das Niveau der Aktivit\u00e4t angemessen ist.<\/p>    <\/div>\n<\/div>\n<!-- \/module text -->        <\/div>\n                        <\/div>\n        <\/div>\n        <\/div>\n<!--\/themify_builder_content-->","protected":false},"excerpt":{"rendered":"<p>EXPERIENCE VERDON LE BUREAU DES GUIDES DE CANYON A CASTELLANE Notre \u00e9quipe Tous les moniteurs font partie du Bureau des Guides de Canyon, qui est install\u00e9 \u00e0 Castellane. Une pr\u00e9sence historique et physique pour vous accueillir sur place et r\u00e9pondre \u00e0 vos questions. Nous sommes avant tout une \u00e9quipe de professionnels exer\u00e7ant depuis de nombreuses [&hellip;]<\/p>\n","protected":false},"author":778,"featured_media":0,"parent":0,"menu_order":33,"comment_status":"closed","ping_status":"closed","template":"","meta":{"_monsterinsights_skip_tracking":false,"_monsterinsights_sitenote_active":false,"_monsterinsights_sitenote_note":"","_monsterinsights_sitenote_category":0,"footnotes":""},"class_list":["post-103","page","type-page","status-publish","hentry","has-post-title","has-post-date","has-post-category","has-post-tag","has-post-comment","has-post-author",""],"builder_content":"<h1 style=\"text-align: center;\">EXPERIENCE VERDON<\/h1> <p style=\"text-align: center;\">LE BUREAU DES GUIDES DE CANYON A CASTELLANE<\/p>\n<h2 style=\"text-align: center;\">Notre \u00e9quipe<\/h2> <p>Tous les moniteurs font partie du Bureau des Guides de Canyon, qui est install\u00e9 \u00e0 Castellane. Une pr\u00e9sence historique et physique pour vous accueillir sur place et r\u00e9pondre \u00e0 vos questions. Nous sommes avant tout une \u00e9quipe de professionnels exer\u00e7ant depuis de nombreuses ann\u00e9es et sp\u00e9cialistes de nos disciplines respectives. Outre cela nous nous c\u00f4toyons \u00e0 l\u2019ann\u00e9e pour grimper, \u00e9quiper ou ouvrir de nouvelles voies, parcourir les canyons, des grottes et voyager.\u00a0<\/p> <p>Cette connaissance mutuelle nous permet une organisation et une entente sans faille avec pour objectif : votre s\u00e9curit\u00e9 mais dans une ambiance ludique et avec enthousiasme.\u00a0La diversit\u00e9 de nos pratiques vous assurera le meilleur s\u00e9jour possible au sein de cette r\u00e9gion que nous connaissons parfaitement pour y \u00eatre n\u00e9s ou y r\u00e9sidant. Notre plaisir \u00e0 vous guider passe par celui que vous prenez \u00e0 participer \u00e0 nos sorties.\u00a0<\/p> <p>Chacun des guides du Bureau des Guides de Canyon souscrit \u00e0 une assurance en responsabilit\u00e9 civile professionnelle. Nous sommes parmi les rares prestataires \u00e0 souscrire pour vous une assurance personnelle en individuelle accident syst\u00e9matique.\u00a0<\/p>\n<img src=\"https:\/\/www.experience-verdon.com\/wp-content\/uploads\/2024\/05\/Lionel-catsoyannis-1-400x400.jpg\" width=\"400\" height=\"400\" title=\"Lionel Catsoyannis\" alt=\"Lionel Catsoyannis, guide Experience Verdon\" srcset=\"https:\/\/www.experience-verdon.com\/wp-content\/uploads\/2024\/05\/Lionel-catsoyannis-1-400x400.jpg 400w, https:\/\/www.experience-verdon.com\/wp-content\/uploads\/2024\/05\/Lionel-catsoyannis-1-300x300.jpg 300w, https:\/\/www.experience-verdon.com\/wp-content\/uploads\/2024\/05\/Lionel-catsoyannis-1-150x150.jpg 150w, https:\/\/www.experience-verdon.com\/wp-content\/uploads\/2024\/05\/Lionel-catsoyannis-1-768x768.jpg 768w, https:\/\/www.experience-verdon.com\/wp-content\/uploads\/2024\/05\/Lionel-catsoyannis-1-12x12.jpg 12w, https:\/\/www.experience-verdon.com\/wp-content\/uploads\/2024\/05\/Lionel-catsoyannis-1-1000x1000.jpg 1000w, https:\/\/www.experience-verdon.com\/wp-content\/uploads\/2024\/05\/Lionel-catsoyannis-1-800x800.jpg 800w, https:\/\/www.experience-verdon.com\/wp-content\/uploads\/2024\/05\/Lionel-catsoyannis-1.jpg 985w\" sizes=\"(max-width: 400px) 100vw, 400px\" \/>\n<h3 style=\"text-align: center;\">Lionel Catsoyannis<\/h3> <p style=\"text-align: center;\">Ancien comp\u00e9titeur (membres des \u00e9quipes de France d'escalade 6 ann\u00e9es cons\u00e9cutives), Lionel a aussi longtemps pratiqu\u00e9 la sp\u00e9l\u00e9o, le VTT, la plong\u00e9e, et le canyon. Il a \u00e9quip\u00e9 de nombreuses voies dans les Calanques, le Verdon, \u00e0 Annot et la Tour.<\/p>\n<a href=\"#modal-tb_7egi813-6\" data-zoom-config=\"80%|80%\"> En savoir + <\/a>\n <p>[themify_layout_part id=\"3427\"]<\/p>\n<img src=\"https:\/\/www.experience-verdon.com\/wp-content\/uploads\/2024\/05\/eric-chauvire-1-1-400x400.jpg\" width=\"400\" height=\"400\" title=\"Eric Chauvir\u00e9 - guide escalade et canyoning\" alt=\"Eric Chauvir\u00e9, guide escalade et canyoning\" srcset=\"https:\/\/www.experience-verdon.com\/wp-content\/uploads\/2024\/05\/eric-chauvire-1-1-400x400.jpg 400w, https:\/\/www.experience-verdon.com\/wp-content\/uploads\/2024\/05\/eric-chauvire-1-1-300x300.jpg 300w, https:\/\/www.experience-verdon.com\/wp-content\/uploads\/2024\/05\/eric-chauvire-1-1-150x150.jpg 150w, https:\/\/www.experience-verdon.com\/wp-content\/uploads\/2024\/05\/eric-chauvire-1-1-12x12.jpg 12w, https:\/\/www.experience-verdon.com\/wp-content\/uploads\/2024\/05\/eric-chauvire-1-1-1000x1000.jpg 1000w, https:\/\/www.experience-verdon.com\/wp-content\/uploads\/2024\/05\/eric-chauvire-1-1-800x800.jpg 800w, https:\/\/www.experience-verdon.com\/wp-content\/uploads\/2024\/05\/eric-chauvire-1-1.jpg 748w\" sizes=\"(max-width: 400px) 100vw, 400px\" \/>\n<h3 style=\"text-align: center;\">Eric Chauvir\u00e9<\/h3> <p style=\"text-align: center;\">Charpentier mais pas que : Eric est moniteur d'escalade et canyon. P\u00e9dagogue et blagueur, il vous fera rire en toute situation. Il continue de construire des parcours aventures et maisons dans les arbres.<\/p>\n<a href=\"#modal-tb_gw8f243-7\" data-zoom-config=\"80%|80%\"> En savoir + <\/a>\n <p>[themify_layout_part id=\"3451\"]<\/p>\n<img src=\"https:\/\/www.experience-verdon.com\/wp-content\/uploads\/2024\/05\/Eric-verdon-1.jpg\" title=\"Eric dans le Verdon\" alt=\"Eric, guide Experience Verdon dans les Gorges du Verdon\" srcset=\"https:\/\/www.experience-verdon.com\/wp-content\/uploads\/2024\/05\/Eric-verdon-1.jpg 1005w, https:\/\/www.experience-verdon.com\/wp-content\/uploads\/2024\/05\/Eric-verdon-1-300x300.jpg 300w, https:\/\/www.experience-verdon.com\/wp-content\/uploads\/2024\/05\/Eric-verdon-1-150x150.jpg 150w, https:\/\/www.experience-verdon.com\/wp-content\/uploads\/2024\/05\/Eric-verdon-1-768x767.jpg 768w, https:\/\/www.experience-verdon.com\/wp-content\/uploads\/2024\/05\/Eric-verdon-1-12x12.jpg 12w, https:\/\/www.experience-verdon.com\/wp-content\/uploads\/2024\/05\/Eric-verdon-1-1000x999.jpg 1000w, https:\/\/www.experience-verdon.com\/wp-content\/uploads\/2024\/05\/Eric-verdon-1-800x799.jpg 800w\" sizes=\"(max-width: 1005px) 100vw, 1005px\" \/>\n<h3 style=\"text-align: center;\">Eric Valls<\/h3> <p style=\"text-align: center;\">Prof d'universit\u00e9 tr\u00e8s impliqu\u00e9 dans l'escalade et l'\u00e9quipement de voies, Eric saura garder son calme en toutes circonstance et vous \u00e9tonner par un humour et une organisation l\u00e9gendaire.<\/p>\n<a href=\"#modal-tb_p3qm839-8\" data-zoom-config=\"80%|80%\"> En savoir + <\/a>\n <p>[themify_layout_part id=\"3385\"]<\/p>\n<img src=\"https:\/\/www.experience-verdon.com\/wp-content\/uploads\/2026\/07\/timo-mzk.jpeg\" title=\"timo-mzk\" alt=\"\" srcset=\"https:\/\/www.experience-verdon.com\/wp-content\/uploads\/2026\/07\/timo-mzk.jpeg 1405w, https:\/\/www.experience-verdon.com\/wp-content\/uploads\/2026\/07\/timo-mzk-300x300.jpeg 300w, https:\/\/www.experience-verdon.com\/wp-content\/uploads\/2026\/07\/timo-mzk-1024x1024.jpeg 1024w, https:\/\/www.experience-verdon.com\/wp-content\/uploads\/2026\/07\/timo-mzk-150x150.jpeg 150w, https:\/\/www.experience-verdon.com\/wp-content\/uploads\/2026\/07\/timo-mzk-768x768.jpeg 768w, https:\/\/www.experience-verdon.com\/wp-content\/uploads\/2026\/07\/timo-mzk-12x12.jpeg 12w\" sizes=\"(max-width: 1405px) 100vw, 1405px\" \/>\n<h3 style=\"text-align: center;\">Timo Maszewski<\/h3> <p style=\"text-align: center;\">Grand passionn\u00e9 d'escalade en falaise, Timo se d\u00e9place dans toute la France pour trouver les plus belles voies. Il vous accompagnera en grande voie avec calme et patience.<\/p>\n<a href=\"#modal-tb_zo7r21-9\" data-zoom-config=\"80%|80%\"> En savoir + <\/a>\n <p>[themify_layout_part id=\"4748\"]<\/p>\n<img src=\"https:\/\/www.experience-verdon.com\/wp-content\/uploads\/2025\/09\/WhatsApp-Image-2025-08-26-at-12.12.26-e1757061223338.jpeg\" title=\"Guide canyoning dans les Gorges du Verdon\" alt=\"Guide \u00e9quip\u00e9 pour le canyoning dans les Gorges du Verdon\" srcset=\"https:\/\/www.experience-verdon.com\/wp-content\/uploads\/2025\/09\/WhatsApp-Image-2025-08-26-at-12.12.26-e1757061223338.jpeg 1097w, https:\/\/www.experience-verdon.com\/wp-content\/uploads\/2025\/09\/WhatsApp-Image-2025-08-26-at-12.12.26-e1757061223338-300x300.jpeg 300w, https:\/\/www.experience-verdon.com\/wp-content\/uploads\/2025\/09\/WhatsApp-Image-2025-08-26-at-12.12.26-e1757061223338-1024x1024.jpeg 1024w, https:\/\/www.experience-verdon.com\/wp-content\/uploads\/2025\/09\/WhatsApp-Image-2025-08-26-at-12.12.26-e1757061223338-150x150.jpeg 150w, https:\/\/www.experience-verdon.com\/wp-content\/uploads\/2025\/09\/WhatsApp-Image-2025-08-26-at-12.12.26-e1757061223338-768x768.jpeg 768w, https:\/\/www.experience-verdon.com\/wp-content\/uploads\/2025\/09\/WhatsApp-Image-2025-08-26-at-12.12.26-e1757061223338-12x12.jpeg 12w\" sizes=\"(max-width: 1097px) 100vw, 1097px\" \/>\n<h3 style=\"text-align: center;\">Fred Campani<\/h3> <p style=\"text-align: center;\">Fred travaille avec nous depuis le d\u00e9but. C'est un pilier au sens noble du terme, toujours en forme et tr\u00e8s p\u00e9dagogue Fred vous fera r\u00e9ussir des choses que vous n'imaginez pas.<\/p>\n<a href=\"#modal-tb_7zk421-10\" data-zoom-config=\"80%|80%\"> En savoir + <\/a>\n <p>[themify_layout_part id=\"3463\"]<\/p>\n<img src=\"https:\/\/www.experience-verdon.com\/wp-content\/uploads\/2026\/05\/ophelie-via-ferrata-994x1024-400x411.jpg\" width=\"400\" height=\"411\" title=\"Screenshot\" alt=\"\" srcset=\"https:\/\/www.experience-verdon.com\/wp-content\/uploads\/2026\/05\/ophelie-via-ferrata-994x1024-400x411.jpg 400w, https:\/\/www.experience-verdon.com\/wp-content\/uploads\/2026\/05\/ophelie-via-ferrata-291x300.jpg 291w, https:\/\/www.experience-verdon.com\/wp-content\/uploads\/2026\/05\/ophelie-via-ferrata-994x1024.jpg 994w, https:\/\/www.experience-verdon.com\/wp-content\/uploads\/2026\/05\/ophelie-via-ferrata-768x791.jpg 768w, https:\/\/www.experience-verdon.com\/wp-content\/uploads\/2026\/05\/ophelie-via-ferrata-12x12.jpg 12w, https:\/\/www.experience-verdon.com\/wp-content\/uploads\/2026\/05\/ophelie-via-ferrata.jpg 1476w\" sizes=\"(max-width: 400px) 100vw, 400px\" \/>\n<h3 style=\"text-align: center;\">Oph\u00e9lie<\/h3> <p style=\"text-align: center;\">Oph\u00e9lie est le pilier de la via ferrata de Puget, elle est partout, \u00e0 l'accueil pour le matos et les explications, \u00e0 l'arriv\u00e9e de la grande tyrolienne pour vous aider !<\/p>\n<img src=\"https:\/\/www.experience-verdon.com\/wp-content\/uploads\/2025\/07\/IMG_1135-986x1024-400x415.jpeg\" width=\"400\" height=\"415\" title=\"Portrait outdoor avec casque en via cordata\" alt=\"Participante \u00e9quip\u00e9e d un casque pendant une activit\u00e9 verticale en pleine nature\" srcset=\"https:\/\/www.experience-verdon.com\/wp-content\/uploads\/2025\/07\/IMG_1135-986x1024-400x415.jpeg 400w, https:\/\/www.experience-verdon.com\/wp-content\/uploads\/2025\/07\/IMG_1135-289x300.jpeg 289w, https:\/\/www.experience-verdon.com\/wp-content\/uploads\/2025\/07\/IMG_1135-986x1024.jpeg 986w, https:\/\/www.experience-verdon.com\/wp-content\/uploads\/2025\/07\/IMG_1135-768x797.jpeg 768w, https:\/\/www.experience-verdon.com\/wp-content\/uploads\/2025\/07\/IMG_1135-12x12.jpeg 12w, https:\/\/www.experience-verdon.com\/wp-content\/uploads\/2025\/07\/IMG_1135-986x1024-1000x1038.jpeg 1000w, https:\/\/www.experience-verdon.com\/wp-content\/uploads\/2025\/07\/IMG_1135-986x1024-800x830.jpeg 800w, https:\/\/www.experience-verdon.com\/wp-content\/uploads\/2025\/07\/IMG_1135.jpeg 1016w\" sizes=\"(max-width: 400px) 100vw, 400px\" \/>\n<h3 style=\"text-align: center;\">Jasmine<\/h3> <p style=\"text-align: center;\">Jasmine vous accueillera au t\u00e9l\u00e9phone et au bureau, tr\u00e8s soucieuse que vous passiez un bon moment dans la r\u00e9gion et que le niveau de l'activit\u00e9 soit adapt\u00e9.<\/p>\n<h2 style=\"text-align: center;\">Notre mission<\/h2> <p style=\"text-align: center;\">R\u00e9diger texte qui parle des valeurs de toute l'\u00e9quipe et de leur rapport \u00e0 la nature, le respect de l'environnement, et l'envie de faire vivre le meilleur \u00e0 leurs clients<\/p>","_links":{"self":[{"href":"https:\/\/www.experience-verdon.com\/de\/wp-json\/wp\/v2\/pages\/103","targetHints":{"allow":["GET"]}}],"collection":[{"href":"https:\/\/www.experience-verdon.com\/de\/wp-json\/wp\/v2\/pages"}],"about":[{"href":"https:\/\/www.experience-verdon.com\/de\/wp-json\/wp\/v2\/types\/page"}],"author":[{"embeddable":true,"href":"https:\/\/www.experience-verdon.com\/de\/wp-json\/wp\/v2\/users\/778"}],"replies":[{"embeddable":true,"href":"https:\/\/www.experience-verdon.com\/de\/wp-json\/wp\/v2\/comments?post=103"}],"version-history":[{"count":35,"href":"https:\/\/www.experience-verdon.com\/de\/wp-json\/wp\/v2\/pages\/103\/revisions"}],"predecessor-version":[{"id":4781,"href":"https:\/\/www.experience-verdon.com\/de\/wp-json\/wp\/v2\/pages\/103\/revisions\/4781"}],"wp:attachment":[{"href":"https:\/\/www.experience-verdon.com\/de\/wp-json\/wp\/v2\/media?parent=103"}],"curies":[{"name":"wp","href":"https:\/\/api.w.org\/{rel}","templated":true}]}}