{"id":51,"date":"2015-07-20T10:47:34","date_gmt":"2015-07-20T10:47:34","guid":{"rendered":"http:\/\/demo.themegrill.com\/himalayas\/?page_id=51"},"modified":"2025-07-21T18:56:30","modified_gmt":"2025-07-21T16:56:30","slug":"via-ferrata-cordata-verdon","status":"publish","type":"page","link":"https:\/\/www.experience-verdon.com\/es\/via-ferrata-cordata-verdon\/","title":{"rendered":"V\u00eda ferrata\/cordata"},"content":{"rendered":"<!--themify_builder_content-->\n<div id=\"themify_builder_content-51\" data-postid=\"51\" class=\"themify_builder_content themify_builder_content-51 themify_builder tf_clear\">\n                    <div  data-zooming-bg=\"desktop\" data-lazy=\"1\" class=\"module_row themify_builder_row tb_qk04317 tb_first tf_w\">\n            <span  class=\"builder_row_cover tf_abs\" data-lazy=\"1\"><\/span>            <div class=\"row_inner col_align_top tb_col_count_1 tf_box tf_rel\">\n                        <div  data-lazy=\"1\" class=\"module_column tb-column col-full tb_c9f8317 first\">\n                    <!-- module text -->\n<div  class=\"module module-text tb_9q3s706\" data-lazy=\"1\">\n        <div  class=\"tb_text_wrap\">\n        <h1 style=\"text-align: center;\">V\u00cdA FERRATA Y CORDATA SOBRE EL VERDON<\/h1>\n<h5 style=\"text-align: center;\">La forma m\u00e1s divertida de ganar altura<\/h5>    <\/div>\n<\/div>\n<!-- \/module text -->        <\/div>\n                        <\/div>\n        <\/div>\n                        <div  data-lazy=\"1\" class=\"module_row themify_builder_row tb_s24b81 tf_w\">\n                        <div class=\"row_inner col_align_top tb_col_count_1 tf_box tf_rel\">\n                        <div  data-lazy=\"1\" class=\"module_column tb-column col-full tb_klf581 first\">\n                    <!-- module text -->\n<div  class=\"module module-text tb_zw7t874\" data-lazy=\"1\">\n        <div  class=\"tb_text_wrap\">\n        <h1 style=\"text-align: center;\"><span style=\"color: #13b0ad;\"><span style=\"font-size: 32px; letter-spacing: -0.64px;\">\u00bfListo para una emocionante aventura en nuestra regi\u00f3n?<\/span><\/span><\/h1>\n<p style=\"text-align: center;\"><span style=\"font-size: 1em;\">La v\u00eda ferrata le invita a descubrir estos <span style=\"font-weight: bold;\">paisajes espectaculares <\/span>de una forma \u00fanica. Agarrado a vertiginosas paredes rocosas, progresar\u00e1 con total seguridad gracias a la <span style=\"font-weight: bold;\">cables, escaleras y tirolinas cuidadosamente instalados<\/span>.<br>D\u00e9jese hechizar por la <span style=\"font-weight: bold;\">sensaci\u00f3n de libertad <\/span>mientras disfruta de impresionantes vistas sobre el ca\u00f1\u00f3n. Accesible para todos, esta ruta promete emociones y recuerdos inolvidables en el coraz\u00f3n de una de las joyas naturales de la Provenza. <br><br><span style=\"font-weight: bold;\">Un arn\u00e9s con 2 elementos de amarre, un casco, un par de guantes y \u00a1listo!<br><\/span><\/span><\/p>    <\/div>\n<\/div>\n<!-- \/module text -->        <\/div>\n                        <\/div>\n        <\/div>\n                        <div  data-lazy=\"1\" class=\"module_row themify_builder_row tb_8eq8866 tf_w\">\n                        <div class=\"row_inner col_align_top tb_col_count_1 tf_box tf_rel\">\n                        <div  data-lazy=\"1\" class=\"module_column tb-column col-full tb_g85r867 first\">\n                    <!-- module text -->\n<div  class=\"module module-text tb_daf7994\" data-lazy=\"1\">\n        <div  class=\"tb_text_wrap\">\n        <h2 style=\"text-align: center;\">Nuestra v\u00eda ferrata<\/h2>    <\/div>\n<\/div>\n<!-- \/module text -->        <\/div>\n                        <\/div>\n        <\/div>\n                        <div  data-lazy=\"1\" class=\"module_row themify_builder_row tb_x1dw506 tf_w\">\n                        <div class=\"row_inner col_align_top gutter-narrow tb_col_count_2 tf_box tf_rel\">\n                        <div  data-lazy=\"1\" class=\"module_column tb-column col4-2 tb_wxs2506 first\">\n                    <!-- module image -->\n<div  class=\"module module-image tb_3qr2245 image-center rounded  tf_mw\" data-lazy=\"1\">\n        <div class=\"image-wrap tf_rel tf_mw\">\n            <a href=\"https:\/\/www.experience-verdon.com\/es\/via-ferrata-puget-theniers\/\">\n                   <img loading=\"lazy\" decoding=\"async\" width=\"1434\" height=\"952\" src=\"https:\/\/www.experience-verdon.com\/wp-content\/uploads\/2024\/05\/via-ferrata-puget-pont-1.jpg\" class=\"wp-post-image wp-image-3580\" title=\"C\u00c1MARA DIGITAL OLYMPUS\" alt=\"C\u00c1MARA DIGITAL OLYMPUS\" srcset=\"https:\/\/www.experience-verdon.com\/wp-content\/uploads\/2024\/05\/via-ferrata-puget-pont-1.jpg 1434w, https:\/\/www.experience-verdon.com\/wp-content\/uploads\/2024\/05\/via-ferrata-puget-pont-1-300x199.jpg 300w, https:\/\/www.experience-verdon.com\/wp-content\/uploads\/2024\/05\/via-ferrata-puget-pont-1-1024x680.jpg 1024w, https:\/\/www.experience-verdon.com\/wp-content\/uploads\/2024\/05\/via-ferrata-puget-pont-1-768x510.jpg 768w, https:\/\/www.experience-verdon.com\/wp-content\/uploads\/2024\/05\/via-ferrata-puget-pont-1-18x12.jpg 18w, https:\/\/www.experience-verdon.com\/wp-content\/uploads\/2024\/05\/via-ferrata-puget-pont-1-1024x680-1000x663.jpg 1000w, https:\/\/www.experience-verdon.com\/wp-content\/uploads\/2024\/05\/via-ferrata-puget-pont-1-1024x680-800x531.jpg 800w\" sizes=\"auto, (max-width: 1434px) 100vw, 1434px\" \/>        <\/a>\n    \n        <\/div>\n    <!-- \/image-wrap -->\n    \n        <\/div>\n<!-- \/module image -->        <\/div>\n                    <div  data-lazy=\"1\" class=\"module_column tb-column col4-2 tb_imx3919 last\">\n                    <!-- module text -->\n<div  class=\"module module-text tb_yp8q199\" data-lazy=\"1\">\n        <div  class=\"tb_text_wrap\">\n        <h2>En exclusiva para Exp\u00e9rience Verdon :<br>La v\u00eda ferrata de Puget<\/h2>\n<p><span style=\"color: #333333;\">\u00a1Esta v\u00eda Ferrata fue reequipada por nuestros gu\u00edas en 2018 y somos los actuales gestores para su mayor placer !<\/span><span style=\"font-size: 1em;\">\u00a0<\/span><\/p>    <\/div>\n<\/div>\n<!-- \/module text --><!-- module button pro -->\n<div  id=\"tb_gwy3926\" class=\"module module-button tb_gwy3926 button-link-external  tb_default_color wow\" data-tf-animation=\"bounceInUp\" data-tf-animation_delay=\"0.4\" data-lazy=\"1\">\n\t\n    <a class=\"ui builder_button tb_default_color\" href=\"https:\/\/www.experience-verdon.com\/es\/via-ferrata-puget-theniers\/\">\n\t\t\t\t<span>Descubra esta ruta<\/span>\n    <\/a>\n\n\t\n\t<\/div>\n<!-- \/module button pro -->\n        <\/div>\n                        <\/div>\n        <\/div>\n                        <div  data-anchor=\"via-cordata\" data-lazy=\"1\" class=\"module_row themify_builder_row tb_has_section tb_section-via-cordata tb_5xfc514 tf_w\">\n                        <div class=\"row_inner col_align_top tb_col_count_1 tf_box tf_rel\">\n                        <div  data-lazy=\"1\" class=\"module_column tb-column col-full tb_n1bv514 first\">\n                    <!-- module text -->\n<div  class=\"module module-text tb_l09w514\" data-lazy=\"1\">\n        <div  class=\"tb_text_wrap\">\n        <h2 style=\"text-align: center;\">Rutas de la Via cordata<\/h2>    <\/div>\n<\/div>\n<!-- \/module text -->        <\/div>\n                        <\/div>\n        <\/div>\n                        <div  data-lazy=\"1\" class=\"module_row themify_builder_row tb_tf35666 tf_w\">\n                        <div class=\"row_inner col_align_top tb_col_count_1 tf_box tf_rel\">\n                        <div  data-lazy=\"1\" class=\"module_column tb-column col-full tb_u5uq666 first\">\n                    <!-- module plain text -->\n<div  class=\"module module-plain-text tb_po3435\" data-lazy=\"1\">\n        <div class=\"tb_text_wrap\">\n    <div class=\"ptb_wrap\"><div  class=\"ptb_loops_shortcode tf_clearfix ptb_loops_wrapper ptb_list-post\" data-type=\"via-ferrata-cordata\"><article id=\"post-4043\" class=\"ptb_post tf_clearfix post-4043 via-ferrata-cordata type-via-ferrata-cordata status-publish hentry has-post-title has-post-date has-post-category has-post-tag has-post-comment has-post-author\">        <div class=\"ptb_items_wrapper entry-content\" itemscope itemtype=\"https:\/\/schema.org\/MediaObject\">\n                                            <div class=\"ptb_first_row ptb_row ptb_via-ferrata-cordata_row\">\n                                                                            <div class=\"ptb_col ptb_col3-1 ptb_col_first\">\n                                                                                                            \n                                                                                                                                                                                        <\/div>\n                                                                                                            <div class=\"ptb_col ptb_col3-2 ptb_col_last\">\n                                                                                                            \n                                                <div class=\"ptb_module ptb_title canyoning-title tf_clearfix\"><h2 class=\"ptb_post_title ptb_entry_title\" itemprop=\"name\">\n\t                <a href=\"https:\/\/www.experience-verdon.com\/es\/via-ferrata-cordata\/chevr-haut\/\">Chevr'haut<\/a><\/h2>                <\/div><!-- .ptb_module.ptb_title.canyoning-title -->                                                                                                                    \n                                                <div class=\"ptb_module ptb_text canyoning-elements ptb_via_ferrata_cordata_niveau tf_clearfix\">                <h6>Nivel: medio<\/h6>                <\/div><!-- .ptb_module.ptb_text.canyoning-elements.ptb_via_ferrata_cordata_niveau -->                                                                                                                    \n                                                <div class=\"ptb_module ptb_text canyoning-elements ptb_via_ferrata_cordata_duree tf_clearfix\">                <h6>Duraci\u00f3n: 3 horas<\/h6>                <\/div><!-- .ptb_module.ptb_text.canyoning-elements.ptb_via_ferrata_cordata_duree -->                                                                                                                    \n                                                <div class=\"ptb_module ptb_text canyoning-elements ptb_via_ferrata_cordata_age tf_clearfix\">                <h6>Desde : 8 a\u00f1os<\/h6>                <\/div><!-- .ptb_module.ptb_text.canyoning-elements.ptb_via_ferrata_cordata_age -->                                                                                                                    \n                                                <div class=\"ptb_module ptb_text ptb_via_ferrata_cordata_prix tf_clearfix\">                <h6>Precio: 50 euros\/persona.<\/h6>                <\/div><!-- .ptb_module.ptb_text.ptb_via_ferrata_cordata_prix -->                                                                                                                    \n                                                <div class=\"ptb_module ptb_excerpt tf_clearfix\">                <div itemprop=\"articleBody\">\n\tChevr'haut Esta actividad le llevar\u00e1 a un acantilado de 100 metros de altura mediante un r\u00e1pel de 30 metros y un bonito paseo de aproximaci\u00f3n, que seguir\u00e1 pasando por 2...<\/div>                <\/div><!-- .ptb_module.ptb_excerpt -->                                                                                                                    \n                                                <div class=\"ptb_module ptb_link_button ptb_via_ferrata_cordata_read_more_button tf_clearfix\">                <div class=\"ptb_link\">\n\t\t<a style=\"background-color:rgba(255, 123, 0, 1) !important; color:rgba(255, 255, 255, 1) !important;\" class=\"ptb_link_button shortcode small rounded\" href=\"https:\/\/www.experience-verdon.com\/es\/via-ferrata-cordata\/viga-alta\/\" area-label=\"Lire la suite\">\n\t\t\t\t\t\tSeguir leyendo\t\t<\/a>\n\t<\/div>                <\/div><!-- .ptb_module.ptb_link_button.ptb_via_ferrata_cordata_read_more_button -->                                                                                                                                        <\/div>\n                                                                                        <\/div>\n                          \n        <\/div>  \n        <\/article><article id=\"post-4007\" class=\"ptb_post tf_clearfix post-4007 via-ferrata-cordata type-via-ferrata-cordata status-publish has-post-thumbnail hentry has-post-title has-post-date has-post-category has-post-tag has-post-comment has-post-author\">        <div class=\"ptb_items_wrapper entry-content\" itemscope itemtype=\"https:\/\/schema.org\/MediaObject\">\n                                            <div class=\"ptb_first_row ptb_row ptb_via-ferrata-cordata_row\">\n                                                                            <div class=\"ptb_col ptb_col3-1 ptb_col_first\">\n                                                                                                            \n                                                <div class=\"ptb_module ptb_thumbnail tf_clearfix\">                <figure class=\"ptb_post_image tf_clearfix\">\n\t\t<a class=\"ptb_lightbox\" href=\"https:\/\/www.experience-verdon.com\/es\/via-ferrata-cordata\/couloir-samson\/\">\t\t<img loading=\"lazy\" decoding=\"async\" src=\"https:\/\/www.experience-verdon.com\/wp-content\/uploads\/2024\/05\/via-cordata-samson-013-768x1024-400x400.jpg\" alt=\"via-cordata-samson-013\"\n\t\t\t width=\"400\" \t\t\t height=\"400\" \t\t\ttitle=\"via-cordata-samson-013\"\/>\n\t\t\t<\/a>\t<\/figure>                <\/div><!-- .ptb_module.ptb_thumbnail -->                                                                                                                                        <\/div>\n                                                                                                            <div class=\"ptb_col ptb_col3-2 ptb_col_last\">\n                                                                                                            \n                                                <div class=\"ptb_module ptb_title canyoning-title tf_clearfix\"><h2 class=\"ptb_post_title ptb_entry_title\" itemprop=\"name\">\n\t                <a href=\"https:\/\/www.experience-verdon.com\/es\/via-ferrata-cordata\/couloir-samson\/\">Pasillo de Sans\u00f3n<\/a><\/h2>                <\/div><!-- .ptb_module.ptb_title.canyoning-title -->                                                                                                                    \n                                                <div class=\"ptb_module ptb_text canyoning-elements ptb_via_ferrata_cordata_niveau tf_clearfix\">                <h6>Nivel: serio<\/h6>                <\/div><!-- .ptb_module.ptb_text.canyoning-elements.ptb_via_ferrata_cordata_niveau -->                                                                                                                    \n                                                <div class=\"ptb_module ptb_text canyoning-elements ptb_via_ferrata_cordata_duree tf_clearfix\">                <h6>Duraci\u00f3n: <\/h6>                <\/div><!-- .ptb_module.ptb_text.canyoning-elements.ptb_via_ferrata_cordata_duree -->                                                                                                                    \n                                                <div class=\"ptb_module ptb_text canyoning-elements ptb_via_ferrata_cordata_age tf_clearfix\">                <h6>De : 14 a\u00f1os<\/h6>                <\/div><!-- .ptb_module.ptb_text.canyoning-elements.ptb_via_ferrata_cordata_age -->                                                                                                                    \n                                                <div class=\"ptb_module ptb_text ptb_via_ferrata_cordata_prix tf_clearfix\">                <h6>Precio: 70 euros\/persona.<\/h6>                <\/div><!-- .ptb_module.ptb_text.ptb_via_ferrata_cordata_prix -->                                                                                                                    \n                                                <div class=\"ptb_module ptb_excerpt tf_clearfix\">                <div itemprop=\"articleBody\">\n\tPasillo Samson Magn\u00edfica ruta \u00abt\u00e9cnica\u00bb en la salvaje orilla izquierda de las gargantas, este itinerario recorre instalaciones (escaleras, pasarelas...) de m\u00e1s de 150 a\u00f1os de antig\u00fcedad utilizadas en un proyecto (afortunadamente abandonado)...<\/div>                <\/div><!-- .ptb_module.ptb_excerpt -->                                                                                                                    \n                                                <div class=\"ptb_module ptb_link_button ptb_via_ferrata_cordata_read_more_button tf_clearfix\">                <div class=\"ptb_link\">\n\t\t<a style=\"background-color:rgba(255, 123, 0, 1) !important; color:rgba(255, 255, 255, 1) !important;\" class=\"ptb_link_button shortcode small rounded\" href=\"https:\/\/www.experience-verdon.com\/es\/via-ferrata-cordata\/corredor-de-samson\/\" area-label=\"Lire la suite\">\n\t\t\t\t\t\tSeguir leyendo\t\t<\/a>\n\t<\/div>                <\/div><!-- .ptb_module.ptb_link_button.ptb_via_ferrata_cordata_read_more_button -->                                                                                                                                        <\/div>\n                                                                                        <\/div>\n                          \n        <\/div>  \n        <\/article><article id=\"post-4040\" class=\"ptb_post tf_clearfix post-4040 via-ferrata-cordata type-via-ferrata-cordata status-publish has-post-thumbnail hentry has-post-title has-post-date has-post-category has-post-tag has-post-comment has-post-author\">        <div class=\"ptb_items_wrapper entry-content\" itemscope itemtype=\"https:\/\/schema.org\/MediaObject\">\n                                            <div class=\"ptb_first_row ptb_row ptb_via-ferrata-cordata_row\">\n                                                                            <div class=\"ptb_col ptb_col3-1 ptb_col_first\">\n                                                                                                            \n                                                <div class=\"ptb_module ptb_thumbnail tf_clearfix\">                <figure class=\"ptb_post_image tf_clearfix\">\n\t\t<a class=\"ptb_lightbox\" href=\"https:\/\/www.experience-verdon.com\/es\/via-ferrata-cordata\/main-morte\/\">\t\t<img loading=\"lazy\" decoding=\"async\" src=\"https:\/\/www.experience-verdon.com\/wp-content\/uploads\/2024\/05\/mainmorte-descente-en-rappel-1-768x1024-400x400.jpg\" alt=\"rappel mainmorte\"\n\t\t\t width=\"400\" \t\t\t height=\"400\" \t\t\ttitle=\"rappel mainmorte\"\/>\n\t\t\t<\/a>\t<\/figure>                <\/div><!-- .ptb_module.ptb_thumbnail -->                                                                                                                                        <\/div>\n                                                                                                            <div class=\"ptb_col ptb_col3-2 ptb_col_last\">\n                                                                                                            \n                                                <div class=\"ptb_module ptb_title canyoning-title tf_clearfix\"><h2 class=\"ptb_post_title ptb_entry_title\" itemprop=\"name\">\n\t                <a href=\"https:\/\/www.experience-verdon.com\/es\/via-ferrata-cordata\/main-morte\/\">Mainmorte<\/a><\/h2>                <\/div><!-- .ptb_module.ptb_title.canyoning-title -->                                                                                                                    \n                                                <div class=\"ptb_module ptb_text canyoning-elements ptb_via_ferrata_cordata_niveau tf_clearfix\">                <h6>Nivel: medio<\/h6>                <\/div><!-- .ptb_module.ptb_text.canyoning-elements.ptb_via_ferrata_cordata_niveau -->                                                                                                                    \n                                                <div class=\"ptb_module ptb_text canyoning-elements ptb_via_ferrata_cordata_duree tf_clearfix\">                <h6>Duraci\u00f3n: 1\/2 d\u00eda<\/h6>                <\/div><!-- .ptb_module.ptb_text.canyoning-elements.ptb_via_ferrata_cordata_duree -->                                                                                                                    \n                                                <div class=\"ptb_module ptb_text canyoning-elements ptb_via_ferrata_cordata_age tf_clearfix\">                <h6>De : 14 a\u00f1os<\/h6>                <\/div><!-- .ptb_module.ptb_text.canyoning-elements.ptb_via_ferrata_cordata_age -->                                                                                                                    \n                                                <div class=\"ptb_module ptb_text ptb_via_ferrata_cordata_prix tf_clearfix\">                <h6>Precio: 60 euros\/persona.<\/h6>                <\/div><!-- .ptb_module.ptb_text.ptb_via_ferrata_cordata_prix -->                                                                                                                    \n                                                <div class=\"ptb_module ptb_excerpt tf_clearfix\">                <div itemprop=\"articleBody\">\n\tMainmorte Esta actividad le propone descender mediante numerosos rapeles por el ca\u00f1\u00f3n seco de \u00abMainmorte\u00bb para terminar con una \u00e9pica escalada por el acantilado que...<\/div>                <\/div><!-- .ptb_module.ptb_excerpt -->                                                                                                                    \n                                                <div class=\"ptb_module ptb_link_button ptb_via_ferrata_cordata_read_more_button tf_clearfix\">                <div class=\"ptb_link\">\n\t\t<a style=\"background-color:rgba(255, 123, 0, 1) !important; color:rgba(255, 255, 255, 1) !important;\" class=\"ptb_link_button shortcode small rounded\" href=\"https:\/\/www.experience-verdon.com\/es\/via-ferrata-cordata\/mano-muerta\/\" area-label=\"Lire la suite\">\n\t\t\t\t\t\tSeguir leyendo\t\t<\/a>\n\t<\/div>                <\/div><!-- .ptb_module.ptb_link_button.ptb_via_ferrata_cordata_read_more_button -->                                                                                                                                        <\/div>\n                                                                                        <\/div>\n                          \n        <\/div>  \n        <\/article><article id=\"post-4041\" class=\"ptb_post tf_clearfix post-4041 via-ferrata-cordata type-via-ferrata-cordata status-publish has-post-thumbnail hentry has-post-title has-post-date has-post-category has-post-tag has-post-comment has-post-author\">        <div class=\"ptb_items_wrapper entry-content\" itemscope itemtype=\"https:\/\/schema.org\/MediaObject\">\n                                            <div class=\"ptb_first_row ptb_row ptb_via-ferrata-cordata_row\">\n                                                                            <div class=\"ptb_col ptb_col3-1 ptb_col_first\">\n                                                                                                            \n                                                <div class=\"ptb_module ptb_thumbnail tf_clearfix\">                <figure class=\"ptb_post_image tf_clearfix\">\n\t\t<a class=\"ptb_lightbox\" href=\"https:\/\/www.experience-verdon.com\/es\/via-ferrata-cordata\/baume-aux-pigeons\/\">\t\t<img loading=\"lazy\" decoding=\"async\" src=\"https:\/\/www.experience-verdon.com\/wp-content\/uploads\/2024\/05\/2-21-1-400x400.jpg\" alt=\"2-21\"\n\t\t\t width=\"400\" \t\t\t height=\"400\" \t\t\ttitle=\"2-21\"\/>\n\t\t\t<\/a>\t<\/figure>                <\/div><!-- .ptb_module.ptb_thumbnail -->                                                                                                                                        <\/div>\n                                                                                                            <div class=\"ptb_col ptb_col3-2 ptb_col_last\">\n                                                                                                            \n                                                <div class=\"ptb_module ptb_title canyoning-title tf_clearfix\"><h2 class=\"ptb_post_title ptb_entry_title\" itemprop=\"name\">\n\t                <a href=\"https:\/\/www.experience-verdon.com\/es\/via-ferrata-cordata\/baume-aux-pigeons\/\">B\u00e1lsamo para palomas<\/a><\/h2>                <\/div><!-- .ptb_module.ptb_title.canyoning-title -->                                                                                                                    \n                                                <div class=\"ptb_module ptb_text canyoning-elements ptb_via_ferrata_cordata_niveau tf_clearfix\">                <h6>Nivel: medio<\/h6>                <\/div><!-- .ptb_module.ptb_text.canyoning-elements.ptb_via_ferrata_cordata_niveau -->                                                                                                                    \n                                                <div class=\"ptb_module ptb_text canyoning-elements ptb_via_ferrata_cordata_duree tf_clearfix\">                <h6>Duraci\u00f3n: 1\/2 d\u00eda<\/h6>                <\/div><!-- .ptb_module.ptb_text.canyoning-elements.ptb_via_ferrata_cordata_duree -->                                                                                                                    \n                                                <div class=\"ptb_module ptb_text canyoning-elements ptb_via_ferrata_cordata_age tf_clearfix\">                <h6>De : 14 a\u00f1os<\/h6>                <\/div><!-- .ptb_module.ptb_text.canyoning-elements.ptb_via_ferrata_cordata_age -->                                                                                                                    \n                                                <div class=\"ptb_module ptb_text ptb_via_ferrata_cordata_prix tf_clearfix\">                <h6>Precio: 50 euros\/persona.<\/h6>                <\/div><!-- .ptb_module.ptb_text.ptb_via_ferrata_cordata_prix -->                                                                                                                    \n                                                <div class=\"ptb_module ptb_excerpt tf_clearfix\">                <div itemprop=\"articleBody\">\n\tBaume aux pigeons Accesible a trav\u00e9s de los t\u00faneles del sendero Martel, esta gran gruta que domina el Verdon es escenario de numerosas actividades verticales, que pueden combinarse para ofrecer...<\/div>                <\/div><!-- .ptb_module.ptb_excerpt -->                                                                                                                    \n                                                <div class=\"ptb_module ptb_link_button ptb_via_ferrata_cordata_read_more_button tf_clearfix\">                <div class=\"ptb_link\">\n\t\t<a style=\"background-color:rgba(255, 123, 0, 1) !important; color:rgba(255, 255, 255, 1) !important;\" class=\"ptb_link_button shortcode small rounded\" href=\"https:\/\/www.experience-verdon.com\/es\/via-ferrata-cordata\/balsamo-para-palomas\/\" area-label=\"Lire la suite\">\n\t\t\t\t\t\tSeguir leyendo\t\t<\/a>\n\t<\/div>                <\/div><!-- .ptb_module.ptb_link_button.ptb_via_ferrata_cordata_read_more_button -->                                                                                                                                        <\/div>\n                                                                                        <\/div>\n                          \n        <\/div>  \n        <\/article><article id=\"post-4042\" class=\"ptb_post tf_clearfix post-4042 via-ferrata-cordata type-via-ferrata-cordata status-publish has-post-thumbnail hentry has-post-title has-post-date has-post-category has-post-tag has-post-comment has-post-author\">        <div class=\"ptb_items_wrapper entry-content\" itemscope itemtype=\"https:\/\/schema.org\/MediaObject\">\n                                            <div class=\"ptb_first_row ptb_row ptb_via-ferrata-cordata_row\">\n                                                                            <div class=\"ptb_col ptb_col3-1 ptb_col_first\">\n                                                                                                            \n                                                <div class=\"ptb_module ptb_thumbnail tf_clearfix\">                <figure class=\"ptb_post_image tf_clearfix\">\n\t\t<a class=\"ptb_lightbox\" href=\"https:\/\/www.experience-verdon.com\/es\/via-ferrata-cordata\/rando-aventure-a-annot\/\">\t\t<img loading=\"lazy\" decoding=\"async\" src=\"https:\/\/www.experience-verdon.com\/wp-content\/uploads\/2024\/05\/1-19-400x400.jpg\" alt=\"1-19\"\n\t\t\t width=\"400\" \t\t\t height=\"400\" \t\t\ttitle=\"1-19\"\/>\n\t\t\t<\/a>\t<\/figure>                <\/div><!-- .ptb_module.ptb_thumbnail -->                                                                                                                                        <\/div>\n                                                                                                            <div class=\"ptb_col ptb_col3-2 ptb_col_last\">\n                                                                                                            \n                                                <div class=\"ptb_module ptb_title canyoning-title tf_clearfix\"><h2 class=\"ptb_post_title ptb_entry_title\" itemprop=\"name\">\n\t                <a href=\"https:\/\/www.experience-verdon.com\/es\/via-ferrata-cordata\/rando-aventure-a-annot\/\">Senderismo de aventura en Annot<\/a><\/h2>                <\/div><!-- .ptb_module.ptb_title.canyoning-title -->                                                                                                                    \n                                                <div class=\"ptb_module ptb_text canyoning-elements ptb_via_ferrata_cordata_niveau tf_clearfix\">                <h6>Nivel: principiante<\/h6>                <\/div><!-- .ptb_module.ptb_text.canyoning-elements.ptb_via_ferrata_cordata_niveau -->                                                                                                                    \n                                                <div class=\"ptb_module ptb_text canyoning-elements ptb_via_ferrata_cordata_duree tf_clearfix\">                <h6>Duraci\u00f3n: 1\/2 d\u00eda<\/h6>                <\/div><!-- .ptb_module.ptb_text.canyoning-elements.ptb_via_ferrata_cordata_duree -->                                                                                                                    \n                                                <div class=\"ptb_module ptb_text canyoning-elements ptb_via_ferrata_cordata_age tf_clearfix\">                <h6>De : 12 a\u00f1os<\/h6>                <\/div><!-- .ptb_module.ptb_text.canyoning-elements.ptb_via_ferrata_cordata_age -->                                                                                                                    \n                                                <div class=\"ptb_module ptb_text ptb_via_ferrata_cordata_prix tf_clearfix\">                <h6>Precio: 45 euros\/persona.<\/h6>                <\/div><!-- .ptb_module.ptb_text.ptb_via_ferrata_cordata_prix -->                                                                                                                    \n                                                <div class=\"ptb_module ptb_excerpt tf_clearfix\">                <div itemprop=\"articleBody\">\n\tSenderismo de aventura en Annot Cambio de escenario y de decorado, aqu\u00ed estamos en el bosque de Annot (el macizo de arenisca m\u00e1s grande de Francia), la vegetaci\u00f3n y el paisaje son completamente diferentes y estamos...<\/div>                <\/div><!-- .ptb_module.ptb_excerpt -->                                                                                                                    \n                                                <div class=\"ptb_module ptb_link_button ptb_via_ferrata_cordata_read_more_button tf_clearfix\">                <div class=\"ptb_link\">\n\t\t<a style=\"background-color:rgba(255, 123, 0, 1) !important; color:rgba(255, 255, 255, 1) !important;\" class=\"ptb_link_button shortcode small rounded\" href=\"https:\/\/www.experience-verdon.com\/es\/via-ferrata-cordata\/senderismo-de-aventura-en-annot\/\" area-label=\"Lire la suite\">\n\t\t\t\t\t\tSeguir leyendo\t\t<\/a>\n\t<\/div>                <\/div><!-- .ptb_module.ptb_link_button.ptb_via_ferrata_cordata_read_more_button -->                                                                                                                                        <\/div>\n                                                                                        <\/div>\n                          \n        <\/div>  \n        <\/article><\/div><!-- .ptb_loops_wrapper --><\/div><!-- .ptb_wrap -->    <\/div>\n<\/div>\n<!-- \/module plain text -->        <\/div>\n                        <\/div>\n        <\/div>\n                        <div  data-lazy=\"1\" class=\"module_row themify_builder_row tb_9qjf7 tf_w\">\n                        <div class=\"row_inner col_align_top tb_col_count_1 tf_box tf_rel\">\n                        <div  data-lazy=\"1\" class=\"module_column tb-column col-full tb_2wlg7 first\">\n                    <!-- module plain text -->\n<div  class=\"module module-plain-text tb_j90o7\" data-lazy=\"1\">\n        <div class=\"tb_text_wrap\">\n    <div class=\"tb_layout_part_wrap tf_w\"><!--themify_builder_content-->\n    <div  class=\"themify_builder_content themify_builder_content-3077 themify_builder not_editable_builder in_the_loop\" data-postid=\"3077\">\n                        <div  data-css_id=\"w6s1775\" data-lazy=\"1\" class=\"module_row themify_builder_row fullwidth tb_w6s1775 tf_w\">\n                        <div class=\"row_inner col_align_top tb_col_count_1 tf_box tf_rel\">\n                        <div  data-lazy=\"1\" class=\"module_column tb-column col-full tb_ddma775 first\">\n                    <!-- module text -->\n<div  class=\"module module-text tb_p5kl775\" data-lazy=\"1\">\n        <div  class=\"tb_text_wrap\">\n        <h2 style=\"text-align: left;\"><span style=\"font-size: 1.45em; letter-spacing: -0.02em; color: #13b0ad;\">SU OPINI\u00d3N<\/span><\/h2>\n<h3 style=\"text-align: left;\">\u00a1T\u00fa lo dices mejor!<\/h3>    <\/div>\n<\/div>\n<!-- \/module text -->        <div  data-lazy=\"1\" class=\"module_subrow themify_builder_sub_row tf_w col_align_top tb_col_count_2 tb_ztuo775\">\n                <div  data-lazy=\"1\" class=\"module_column sub_column col4-2 tb_0y2z775 first\">\n                    <!-- module plain text -->\n<div  class=\"module module-plain-text tb_lecn775\" data-lazy=\"1\">\n        <div class=\"tb_text_wrap\">\n    <div class=\"wp-gr rpi wpac\" data-id=\"2305\" data-layout=\"slider\" data-exec=\"false\" data-options='{&quot;text_size&quot;:&quot;&quot;,&quot;trans&quot;:{&quot;read more&quot;:&quot;leer m\\u00e1s&quot;}}'><svg xmlns=\"http:\/\/www.w3.org\/2000\/svg\" style=\"display:none!important\"><symbol id=\"grw-tripadvisor\" viewbox=\"0 0 713.496 713.496\"><g><circle fill=\"#34E0A1\" cx=\"356.749\" cy=\"356.748\" r=\"356.748\"\/><path d=\"M577.095,287.152l43.049-46.836h-95.465c-47.792-32.646-105.51-51.659-167.931-51.659   c-62.342,0-119.899,19.054-167.612,51.659H93.432l43.049,46.836c-26.387,24.075-42.929,58.754-42.929,97.259   c0,72.665,58.914,131.578,131.579,131.578c34.519,0,65.968-13.313,89.446-35.077l42.172,45.919l42.172-45.879   c23.478,21.764,54.887,35.037,89.406,35.037c72.665,0,131.658-58.913,131.658-131.578   C620.024,345.866,603.483,311.188,577.095,287.152z M225.17,473.458c-49.188,0-89.047-39.859-89.047-89.047   s39.86-89.048,89.047-89.048c49.187,0,89.047,39.86,89.047,89.048S274.357,473.458,225.17,473.458z M356.788,381.82   c0-58.595-42.61-108.898-98.853-130.383c30.413-12.716,63.776-19.771,98.813-19.771s68.439,7.055,98.853,19.771   C399.399,272.962,356.788,323.226,356.788,381.82z M488.367,473.458c-49.188,0-89.048-39.859-89.048-89.047   s39.86-89.048,89.048-89.048s89.047,39.86,89.047,89.048S537.554,473.458,488.367,473.458z M488.367,337.694   c-25.79,0-46.677,20.887-46.677,46.677c0,25.789,20.887,46.676,46.677,46.676c25.789,0,46.676-20.887,46.676-46.676   C535.042,358.621,514.156,337.694,488.367,337.694z M271.846,384.411c0,25.789-20.887,46.676-46.676,46.676   s-46.676-20.887-46.676-46.676c0-25.79,20.887-46.677,46.676-46.677C250.959,337.694,271.846,358.621,271.846,384.411z\"\/><\/g><\/symbol><symbol id=\"grw-google\" viewbox=\"0 0 512 512\"><g fill=\"none\" fill-rule=\"evenodd\"><path d=\"M482.56 261.36c0-16.73-1.5-32.83-4.29-48.27H256v91.29h127.01c-5.47 29.5-22.1 54.49-47.09 71.23v59.21h76.27c44.63-41.09 70.37-101.59 70.37-173.46z\" fill=\"#4285f4\"\/><path d=\"M256 492c63.72 0 117.14-21.13 156.19-57.18l-76.27-59.21c-21.13 14.16-48.17 22.53-79.92 22.53-61.47 0-113.49-41.51-132.05-97.3H45.1v61.15c38.83 77.13 118.64 130.01 210.9 130.01z\" fill=\"#34a853\"\/><path d=\"M123.95 300.84c-4.72-14.16-7.4-29.29-7.4-44.84s2.68-30.68 7.4-44.84V150.01H45.1C29.12 181.87 20 217.92 20 256c0 38.08 9.12 74.13 25.1 105.99l78.85-61.15z\" fill=\"#fbbc05\"\/><path d=\"M256 113.86c34.65 0 65.76 11.91 90.22 35.29l67.69-67.69C373.03 43.39 319.61 20 256 20c-92.25 0-172.07 52.89-210.9 130.01l78.85 61.15c18.56-55.78 70.59-97.3 132.05-97.3z\" fill=\"#ea4335\"\/><path d=\"M20 20h472v472H20V20z\"\/><\/g><\/symbol><\/svg><div class=\"grw-row grw-row-m\" data-options='{\"speed\":3,\"autoplay\":true,\"mousestop\":true,\"breakpoints\":\"\"}'><div class=\"grw-header\"><div class=\"grw-header-inner rpi-flx rpi-row12\"><div class=\"rpi-flx rpi-col8\"><div class=\"wp-google-name\"><a href=\"https:\/\/maps.google.com\/?cid=17760838150561804207\" target=\"_blank\" rel=\"nofollow noopener\">La Oficina de Gu\u00edas de Ca\u00f1ones: Castellane Canyoning Verdon<\/a><\/div><span class=\"rpi-stars\" style=\"--rating:5.0\">5.0<\/span><div class=\"wp-google-based\">Basado en 63 rese\u00f1as. <\/div><div class=\"wp-google-powered\">accionado por <span><span style=\"color:#3c6df0!important\">G<\/span><span style=\"color:#d93025!important\">o<\/span><span style=\"color:#fb8e28!important\">o<\/span><span style=\"color:#3c6df0!important\">g<\/span><span style=\"color:#188038!important\">l<\/span><span style=\"color:#d93025!important\">e<\/span><\/span><\/div><div class=\"wp-google-wr\"><a href=\"https:\/\/search.google.com\/local\/writereview?placeid=ChIJN98-TBYMzBIRry9xbTIse_Y\" target=\"_blank\" rel=\"nofollow noopener\" onclick=\"return rplg_leave_review_window.call(this)\">val\u00f3ranos en<svg height=\"16\" width=\"16\" role=\"none\"><use href=\"#grw-google\"><\/use><\/svg><\/a><\/div><\/div><\/div><\/div><div class=\"rpi-slides-root grw-content\"><div class=\"grw-content-inner\"><button class=\"rpi-ltgt rpi-lt grw-prev\" tabindex=\"0\"><\/button><div class=\"rpi-slides grw-reviews rpi-slides-bite\" data-count=\"10\" data-offset=\"10\"><div class=\"rpi-slide grw-review\"><div class=\"rpi-flx rpi-col12 grw-review-inner grw-backgnd\"><div class=\"rpi-flx rpi-row12-center\"><div class=\"grw-img-wrap\"><img decoding=\"async\" class=\"grw-img\" src=\"https:\/\/lh3.googleusercontent.com\/a-\/ALV-UjVGMWxSbueqdxP72UHYZ364KP8yx-l4Eve5O94sGqYQUALp38D0Pw=s128-c0x00000000-cc-rp-mo-ba5\" loading=\"lazy\" alt=\"Foto de perfil de JMP G\" width=\"50\" height=\"50\" onerror=\"if(this.src!='https:\/\/www.experience-verdon.com\/wp-content\/plugins\/widget-google-reviews\/assets\/img\/guest.png')this.src='https:\/\/www.experience-verdon.com\/wp-content\/plugins\/widget-google-reviews\/assets\/img\/guest.png';\" ><\/div><div class=\"rpi-flx rpi-col6\"><a href=\"https:\/\/www.google.com\/maps\/contrib\/116585467229650644856\/reviews\" class=\"wp-google-name\" target=\"_blank\" rel=\"nofollow noopener\">JMP G<\/a><div class=\"wp-google-time\" data-time=\"1712833845\">11:10 11 Abr 24<\/div><\/div><\/div><span class=\"rpi-stars\" style=\"--rating:5\"><\/span><div class=\"rpi-flx rpi-col4\"><div class=\"wp-google-feedback grw-scroll\" ><span class=\"wp-google-text\">Un lugar \u00fanico e impresionante en el sur de Francia<\/span><\/div><\/div><svg height=\"16\" width=\"16\" role=\"none\"><use href=\"#grw-google\"\/><\/svg><\/div><\/div><div class=\"rpi-slide grw-review\"><div class=\"rpi-flx rpi-col12 grw-review-inner grw-backgnd\"><div class=\"rpi-flx rpi-row12-center\"><div class=\"grw-img-wrap\"><img decoding=\"async\" class=\"grw-img\" src=\"https:\/\/lh3.googleusercontent.com\/a\/ACg8ocKKu2bIdDfo8CAEF-ysCEIvQb7c9F567Toa8SPtLX7CMX_6MQ=s128-c0x00000000-cc-rp-mo\" loading=\"lazy\" alt=\"Foto de perfil de Mathieu Noir\" width=\"50\" height=\"50\" onerror=\"if(this.src!='https:\/\/www.experience-verdon.com\/wp-content\/plugins\/widget-google-reviews\/assets\/img\/guest.png')this.src='https:\/\/www.experience-verdon.com\/wp-content\/plugins\/widget-google-reviews\/assets\/img\/guest.png';\" ><\/div><div class=\"rpi-flx rpi-col6\"><a href=\"https:\/\/www.google.com\/maps\/contrib\/109910485943265633119\/reviews\" class=\"wp-google-name\" target=\"_blank\" rel=\"nofollow noopener\">Mathieu Noir<\/a><div class=\"wp-google-time\" data-time=\"1694721449\">19:57 14 Sep 23<\/div><\/div><\/div><span class=\"rpi-stars\" style=\"--rating:5\"><\/span><div class=\"rpi-flx rpi-col4\"><div class=\"wp-google-feedback grw-scroll\" ><span class=\"wp-google-text\">El mejor gu\u00eda para un magn\u00edfico d\u00eda de ida y vuelta en el ca\u00f1\u00f3n de Aiglun, \u00a1una gran experiencia!<\/span><\/div><\/div><svg height=\"16\" width=\"16\" role=\"none\"><use href=\"#grw-google\"\/><\/svg><\/div><\/div><div class=\"rpi-slide grw-review\"><div class=\"rpi-flx rpi-col12 grw-review-inner grw-backgnd\"><div class=\"rpi-flx rpi-row12-center\"><div class=\"grw-img-wrap\"><img decoding=\"async\" class=\"grw-img\" src=\"https:\/\/lh3.googleusercontent.com\/a-\/ALV-UjXyu2XIffUM2_DFD0PRpnixLs-2Lc0WkJ-Udsn2bp-Sc8m5_CN8=s128-c0x00000000-cc-rp-mo\" loading=\"lazy\" alt=\"Foto de perfil de Marine Robin\" width=\"50\" height=\"50\" onerror=\"if(this.src!='https:\/\/www.experience-verdon.com\/wp-content\/plugins\/widget-google-reviews\/assets\/img\/guest.png')this.src='https:\/\/www.experience-verdon.com\/wp-content\/plugins\/widget-google-reviews\/assets\/img\/guest.png';\" ><\/div><div class=\"rpi-flx rpi-col6\"><a href=\"https:\/\/www.google.com\/maps\/contrib\/108380511657260561929\/reviews\" class=\"wp-google-name\" target=\"_blank\" rel=\"nofollow noopener\">Robin Marino<\/a><div class=\"wp-google-time\" data-time=\"1694626937\">17:42 13 Sep 23<\/div><\/div><\/div><span class=\"rpi-stars\" style=\"--rating:5\"><\/span><div class=\"rpi-flx rpi-col4\"><div class=\"wp-google-feedback grw-scroll\" ><span class=\"wp-google-text\">Una aventura incre\u00edble dirigida por un gu\u00eda extraordinario (Lionel). Su amabilidad, humor y profesionalidad nos hicieron sentir muy c\u00f3modos. \u00a1Muchas gracias por todo!<\/span><\/div><\/div><svg height=\"16\" width=\"16\" role=\"none\"><use href=\"#grw-google\"\/><\/svg><\/div><\/div><div class=\"rpi-slide grw-review\"><div class=\"rpi-flx rpi-col12 grw-review-inner grw-backgnd\"><div class=\"rpi-flx rpi-row12-center\"><div class=\"grw-img-wrap\"><img decoding=\"async\" class=\"grw-img\" src=\"https:\/\/lh3.googleusercontent.com\/a-\/ALV-UjWhGIH2w4ipEgzOzkq_MfasMysP2LbPVm5eBRLv1kgew-Mt_w9N=s128-c0x00000000-cc-rp-mo\" loading=\"lazy\" alt=\"Foto de perfil de Fran\u00e7ois Dumont\" width=\"50\" height=\"50\" onerror=\"if(this.src!='https:\/\/www.experience-verdon.com\/wp-content\/plugins\/widget-google-reviews\/assets\/img\/guest.png')this.src='https:\/\/www.experience-verdon.com\/wp-content\/plugins\/widget-google-reviews\/assets\/img\/guest.png';\" ><\/div><div class=\"rpi-flx rpi-col6\"><a href=\"https:\/\/www.google.com\/maps\/contrib\/118072884800041219802\/reviews\" class=\"wp-google-name\" target=\"_blank\" rel=\"nofollow noopener\">Fran\u00e7ois Dumont<\/a><div class=\"wp-google-time\" data-time=\"1694248984\">08:43 09 Sep 23<\/div><\/div><\/div><span class=\"rpi-stars\" style=\"--rating:5\"><\/span><div class=\"rpi-flx rpi-col4\"><div class=\"wp-google-feedback grw-scroll\" ><span class=\"wp-google-text\">\u00a1Una tarde encantadora pasada en el agua en Saint-Auban! Gracias a Lionel por guiar a nuestro grupo en un ambiente tan alegre y jovial \ud83d\ude42 .<\/span><\/div><\/div><svg height=\"16\" width=\"16\" role=\"none\"><use href=\"#grw-google\"\/><\/svg><\/div><\/div><div class=\"rpi-slide grw-review\"><div class=\"rpi-flx rpi-col12 grw-review-inner grw-backgnd\"><div class=\"rpi-flx rpi-row12-center\"><div class=\"grw-img-wrap\"><img decoding=\"async\" class=\"grw-img\" src=\"https:\/\/lh3.googleusercontent.com\/a\/ACg8ocJl-xmyeqWh7lYTrp_7qpz3FixELOpjkDB9_K-x6gQPqxSQGQ=s128-c0x00000000-cc-rp-mo\" loading=\"lazy\" alt=\"Foto de perfil de St\u00e9phanie Boudet\" width=\"50\" height=\"50\" onerror=\"if(this.src!='https:\/\/www.experience-verdon.com\/wp-content\/plugins\/widget-google-reviews\/assets\/img\/guest.png')this.src='https:\/\/www.experience-verdon.com\/wp-content\/plugins\/widget-google-reviews\/assets\/img\/guest.png';\" ><\/div><div class=\"rpi-flx rpi-col6\"><a href=\"https:\/\/www.google.com\/maps\/contrib\/113566204502970143820\/reviews\" class=\"wp-google-name\" target=\"_blank\" rel=\"nofollow noopener\">St\u00e9phanie Boudet<\/a><div class=\"wp-google-time\" data-time=\"1694163305\">08:55 08 Sep 23<\/div><\/div><\/div><span class=\"rpi-stars\" style=\"--rating:5\"><\/span><div class=\"rpi-flx rpi-col4\"><div class=\"wp-google-feedback grw-scroll\" ><span class=\"wp-google-text\">Tenemos suerte de haber tenido el ca\u00f1\u00f3n para nosotros solos al final del verano (2 de septiembre de 2023), con el sol brillando y todo el mundo de buen humor.<br \/>Un enorme agradecimiento a Lionel, un gu\u00eda super profesional y atento, y finalmente para nosotros nuestro \"Jean-Pierre\" (con sus divertidas damas, Delphine, maud, laetitia,Christelle ,<br \/>Sandrine).<br \/>Hasta pronto.<br \/>St\u00e9phanie<\/span><\/div><\/div><svg height=\"16\" width=\"16\" role=\"none\"><use href=\"#grw-google\"\/><\/svg><\/div><\/div><div class=\"rpi-slide grw-review\"><div class=\"rpi-flx rpi-col12 grw-review-inner grw-backgnd\"><div class=\"rpi-flx rpi-row12-center\"><div class=\"grw-img-wrap\"><img decoding=\"async\" class=\"grw-img\" src=\"https:\/\/lh3.googleusercontent.com\/a\/ACg8ocJTpPQIIhj-3TusWOqJesCMvEMmNKMBjyWcpNj9r_h3Z2bxzkM=s128-c0x00000000-cc-rp-mo\" loading=\"lazy\" alt=\"Foto de perfil de Florent Iz\" width=\"50\" height=\"50\" onerror=\"if(this.src!='https:\/\/www.experience-verdon.com\/wp-content\/plugins\/widget-google-reviews\/assets\/img\/guest.png')this.src='https:\/\/www.experience-verdon.com\/wp-content\/plugins\/widget-google-reviews\/assets\/img\/guest.png';\" ><\/div><div class=\"rpi-flx rpi-col6\"><a href=\"https:\/\/www.google.com\/maps\/contrib\/104245627449879154243\/reviews\" class=\"wp-google-name\" target=\"_blank\" rel=\"nofollow noopener\">Florent Iz<\/a><div class=\"wp-google-time\" data-time=\"1692696060\">09:21 22 ago 23<\/div><\/div><\/div><span class=\"rpi-stars\" style=\"--rating:5\"><\/span><div class=\"rpi-flx rpi-col4\"><div class=\"wp-google-feedback grw-scroll\" ><span class=\"wp-google-text\">Un gran gu\u00eda y una visita maravillosa para una familia numerosa... de 6 a 12 a\u00f1os y 5 adultos.<br \/>Gracias a nuestro gu\u00eda y al amable y acogedor equipo.<br \/>Un momento soberbio.<\/span><\/div><\/div><svg height=\"16\" width=\"16\" role=\"none\"><use href=\"#grw-google\"\/><\/svg><\/div><\/div><div class=\"rpi-slide grw-review\"><div class=\"rpi-flx rpi-col12 grw-review-inner grw-backgnd\"><div class=\"rpi-flx rpi-row12-center\"><div class=\"grw-img-wrap\"><img decoding=\"async\" class=\"grw-img\" src=\"https:\/\/lh3.googleusercontent.com\/a\/ACg8ocKgn-R3ygArDUduuLGp-nDWG1p5L2OxYCZZx0QzC21NIucrPA=s128-c0x00000000-cc-rp-mo\" loading=\"lazy\" alt=\"Foto de perfil de Ti\u00e9moko Saramb\u00e9\" width=\"50\" height=\"50\" onerror=\"if(this.src!='https:\/\/www.experience-verdon.com\/wp-content\/plugins\/widget-google-reviews\/assets\/img\/guest.png')this.src='https:\/\/www.experience-verdon.com\/wp-content\/plugins\/widget-google-reviews\/assets\/img\/guest.png';\" ><\/div><div class=\"rpi-flx rpi-col6\"><a href=\"https:\/\/www.google.com\/maps\/contrib\/106409733335482376227\/reviews\" class=\"wp-google-name\" target=\"_blank\" rel=\"nofollow noopener\">Ti\u00e9moko Saramb\u00e9<\/a><div class=\"wp-google-time\" data-time=\"1691227759\">09:29 05 ago 23<\/div><\/div><\/div><span class=\"rpi-stars\" style=\"--rating:5\"><\/span><div class=\"rpi-flx rpi-col4\"><div class=\"wp-google-feedback grw-scroll\" ><span class=\"wp-google-text\">Un viaje a las gargantas del Verdon extraordinario gracias a la oficina de gu\u00edas.<br \/>Gracias a \u00c9ric por compartir su pasi\u00f3n conmigo y ayudarme a descubrir esta hermosa regi\u00f3n.<br \/>La oficina de gu\u00edas es una visita obligada: tanto si eres un entusiasta de la V\u00eda Ferrata\/Ca\u00f1oning como si s\u00f3lo quieres una introducci\u00f3n, has venido al lugar adecuado.<\/span><\/div><\/div><svg height=\"16\" width=\"16\" role=\"none\"><use href=\"#grw-google\"\/><\/svg><\/div><\/div><div class=\"rpi-slide grw-review\"><div class=\"rpi-flx rpi-col12 grw-review-inner grw-backgnd\"><div class=\"rpi-flx rpi-row12-center\"><div class=\"grw-img-wrap\"><img decoding=\"async\" class=\"grw-img\" src=\"https:\/\/lh3.googleusercontent.com\/a\/ACg8ocKbMQyZn-fbFopFjqTPdjLEsOsOd9x1PhY9H2N-UV1SZvOjWQ=s128-c0x00000000-cc-rp-mo\" loading=\"lazy\" alt=\"Laurent Patissier foto de perfil\" width=\"50\" height=\"50\" onerror=\"if(this.src!='https:\/\/www.experience-verdon.com\/wp-content\/plugins\/widget-google-reviews\/assets\/img\/guest.png')this.src='https:\/\/www.experience-verdon.com\/wp-content\/plugins\/widget-google-reviews\/assets\/img\/guest.png';\" ><\/div><div class=\"rpi-flx rpi-col6\"><a href=\"https:\/\/www.google.com\/maps\/contrib\/113998932824028933561\/reviews\" class=\"wp-google-name\" target=\"_blank\" rel=\"nofollow noopener\">Laurent Patissier<\/a><div class=\"wp-google-time\" data-time=\"1689092536\">16:22 11 Jul 23<\/div><\/div><\/div><span class=\"rpi-stars\" style=\"--rating:5\"><\/span><div class=\"rpi-flx rpi-col4\"><div class=\"wp-google-feedback grw-scroll\" ><span class=\"wp-google-text\">Una ruta apta para ni\u00f1os y adultos. Un gu\u00eda de primera y un futuro gu\u00eda joven tambi\u00e9n de primera. Un paisaje salvaje y magn\u00edfico. Todos los aspectos del barranquismo adaptados a todos (ni\u00f1os de 5 a\u00f1os y medio y adultos).<br \/>Esta excursi\u00f3n estuvo llena de diversi\u00f3n, risas y emoci\u00f3n.<br \/>\u00a1Sois un gran grupo! Estoy deseando salir m\u00e1s veces con vosotros.<\/span><\/div><\/div><svg height=\"16\" width=\"16\" role=\"none\"><use href=\"#grw-google\"\/><\/svg><\/div><\/div><div class=\"rpi-slide grw-review\"><div class=\"rpi-flx rpi-col12 grw-review-inner grw-backgnd\"><div class=\"rpi-flx rpi-row12-center\"><div class=\"grw-img-wrap\"><img decoding=\"async\" class=\"grw-img\" src=\"https:\/\/lh3.googleusercontent.com\/a-\/ALV-UjXT0Pmeq1Vko7zr-Yui3aMjXPVT4pBG5eyai4socrzKbC2JN2uEUA=s128-c0x00000000-cc-rp-mo-ba4\" loading=\"lazy\" alt=\"Foto de perfil de Cl\u00e9ment Buchweiller\" width=\"50\" height=\"50\" onerror=\"if(this.src!='https:\/\/www.experience-verdon.com\/wp-content\/plugins\/widget-google-reviews\/assets\/img\/guest.png')this.src='https:\/\/www.experience-verdon.com\/wp-content\/plugins\/widget-google-reviews\/assets\/img\/guest.png';\" ><\/div><div class=\"rpi-flx rpi-col6\"><a href=\"https:\/\/www.google.com\/maps\/contrib\/109845553951582896398\/reviews\" class=\"wp-google-name\" target=\"_blank\" rel=\"nofollow noopener\">Cl\u00e9ment Buchweiller<\/a><div class=\"wp-google-time\" data-time=\"1683144874\">20:14 03 May 23<\/div><\/div><\/div><span class=\"rpi-stars\" style=\"--rating:5\"><\/span><div class=\"rpi-flx rpi-col4\"><div class=\"wp-google-feedback grw-scroll\" ><span class=\"wp-google-text\">Descubra el barranquismo con un equipo magn\u00edfico, apasionado, atento y profesional. \u00a1Sin duda volveremos a hacer barranquismo con vosotros! Gracias por esta magn\u00edfica salida \ud83d\udc4c<\/span><\/div><\/div><svg height=\"16\" width=\"16\" role=\"none\"><use href=\"#grw-google\"\/><\/svg><\/div><\/div><div class=\"rpi-slide grw-review\"><div class=\"rpi-flx rpi-col12 grw-review-inner grw-backgnd\"><div class=\"rpi-flx rpi-row12-center\"><div class=\"grw-img-wrap\"><img decoding=\"async\" class=\"grw-img\" src=\"https:\/\/lh3.googleusercontent.com\/a-\/ALV-UjWd0b4cuKUIxGkDM2NFtVGXHTut-sLjSLIrDsWF3QEIXQwDHAcN=s128-c0x00000000-cc-rp-mo\" loading=\"lazy\" alt=\"DIXIDEIGHT foto de perfil\" width=\"50\" height=\"50\" onerror=\"if(this.src!='https:\/\/www.experience-verdon.com\/wp-content\/plugins\/widget-google-reviews\/assets\/img\/guest.png')this.src='https:\/\/www.experience-verdon.com\/wp-content\/plugins\/widget-google-reviews\/assets\/img\/guest.png';\" ><\/div><div class=\"rpi-flx rpi-col6\"><a href=\"https:\/\/www.google.com\/maps\/contrib\/115861690369343590033\/reviews\" class=\"wp-google-name\" target=\"_blank\" rel=\"nofollow noopener\">DIXIDEIGHT<\/a><div class=\"wp-google-time\" data-time=\"1632022198\">03:29 19 Sep 21<\/div><\/div><\/div><span class=\"rpi-stars\" style=\"--rating:5\"><\/span><div class=\"rpi-flx rpi-col4\"><div class=\"wp-google-feedback grw-scroll\" ><span class=\"wp-google-text\">\u00a1SUPER! Eric es un excelente gu\u00eda que vive en la regi\u00f3n. La seguridad y la educaci\u00f3n son sus leitmotiv. El recorrido de mas es ideal para un primer acercamiento pero tambi\u00e9n para los m\u00e1s experimentados. Se pueden realizar r\u00e1peles, toboganes y saltos de 2, 3, 5 e incluso 10 metros, todo ello sin compromiso.<br \/>\u00a1un gran ambiente y un descenso de primera!<br \/>La oficina del gu\u00eda de barranquismo es profesional.<br \/>Gracias de nuevo Eric, y sigue as\u00ed \ud83d\udc4d<\/span><\/div><\/div><svg height=\"16\" width=\"16\" role=\"none\"><use href=\"#grw-google\"\/><\/svg><\/div><\/div><\/div><button class=\"rpi-ltgt rpi-gt grw-next\" tabindex=\"0\"><\/button><div class=\"rpi-dots-wrap\"><div class=\"rpi-dots\"><\/div><\/div><\/div><\/div><\/div><script>(function(p){if(!p)return;let w=p.offsetWidth,m=function(a,b){return Math.min(a,b)===a};p.querySelector('.grw-row').classList.replace('grw-row-m','grw-row-'+(m(w,510)?'xs':m(w,750)?'x':m(w,1100)?'s':m(w,1450)?'m':m(w,1800)?'l':'xl'))})(document.currentScript?.parentElement)<\/script><\/div>    <\/div>\n<\/div>\n<!-- \/module plain text -->        <\/div>\n                    <div  data-lazy=\"1\" class=\"module_column sub_column col4-2 tb_v9x9775 last\">\n                    <!-- module plain text -->\n<div  class=\"module module-plain-text tb_ne26775\" data-lazy=\"1\">\n        <div class=\"tb_text_wrap\">\n    <div id=\"TA_excellent28\" class=\"TA_excellent\"><ul id=\"Oec3vZi\" class=\"TA_links A7fppV7f\"><li id=\"nhnJIsF\" class=\"jzAKMNpZyi\"><a target=\"_blank\" href=\"https:\/\/www.tripadvisor.fr\/Attraction_Review-g677532-d1056685-Reviews-Bureau_des_Guides_de_Canyon-Castellane_Alpes_de_Haute_Provence_Provence_Alpes_Cot.html\" rel=\"noopener\"><img decoding=\"async\" src=\"https:\/\/static.tacdn.com\/img2\/brand_refresh\/Tripadvisor_lockup_horizontal_secondary_registered.svg\" alt=\"TripAdvisor\" class=\"widEXCIMG\" id=\"CDSWIDEXCLOGO\"\/><\/a><\/li><\/ul><\/div><script async src=\"https:\/\/www.jscache.com\/wejs?wtype=excellent&amp;uniq=28&amp;locationId=1056685&amp;lang=fr&amp;display_version=2\" data-loadtrk onload=\"this.loadtrk=true\"><\/script>    <\/div>\n<\/div>\n<!-- \/module plain text -->        <\/div>\n                    <\/div>\n                <\/div>\n                        <\/div>\n        <\/div>\n            <\/div>\n<!--\/themify_builder_content--><\/div>\n    <\/div>\n<\/div>\n<!-- \/module plain text -->        <\/div>\n                        <\/div>\n        <\/div>\n                        <div  data-lazy=\"1\" class=\"module_row themify_builder_row tb_izfx647 tf_w\">\n                        <div class=\"row_inner col_align_top tb_col_count_1 tf_box tf_rel\">\n                        <div  data-lazy=\"1\" class=\"module_column tb-column col-full tb_twbt647 first\">\n                    <!-- module text -->\n<div  class=\"module module-text tb_rs38647\" data-lazy=\"1\">\n        <div  class=\"tb_text_wrap\">\n        <h2 style=\"text-align: center;\">V\u00eda Ferrata sobre las Gargantas del Verdon<\/h2>\n<p style=\"text-align: center;\">La v\u00eda ferrata es la forma m\u00e1s divertida de ganar altura y descubrir los espectaculares paisajes de las Gargantas del Verdon. Aferrado a vertiginosas paredes rocosas, progresar\u00e1 con total seguridad gracias a cables, escaleras y tirolinas cuidadosamente instalados. \u00bfListo para una emocionante aventura? D\u00e9jese cautivar por la sensaci\u00f3n de libertad mientras saborea las impresionantes vistas del ca\u00f1\u00f3n. Accesible a todos, este recorrido promete emociones y recuerdos inolvidables en el coraz\u00f3n de una de las joyas naturales de la Provenza.<span style=\"font-size: 1em;\"><span style=\"font-weight: bold;\"><br><\/span><\/span><\/p>    <\/div>\n<\/div>\n<!-- \/module text -->        <\/div>\n                        <\/div>\n        <\/div>\n                        <div  data-lazy=\"1\" class=\"module_row themify_builder_row tb_ulhj597 tf_w\">\n                        <div class=\"row_inner col_align_top tb_col_count_1 tf_box tf_rel\">\n                        <div  data-lazy=\"1\" class=\"module_column tb-column col-full tb_50vr597 first\">\n                    <!-- module text -->\n<div  class=\"module module-text tb_gcv9597\" data-lazy=\"1\">\n        <div  class=\"tb_text_wrap\">\n        <h2 style=\"text-align: center;\">Equipamiento seguro para una aventura sin riesgos<\/h2>\n<p style=\"text-align: center;\">Para garantizar su seguridad durante todo el recorrido de la v\u00eda ferrata, le proporcionamos todo el equipo necesario: un arn\u00e9s con dos cuerdas de seguridad, un casco y un par de guantes. Antes de empezar, nuestros experimentados gu\u00edas le dar\u00e1n una sesi\u00f3n informativa completa sobre el uso del equipo y las instrucciones de seguridad. Tanto si es un principiante como un aventurero experimentado, podr\u00e1 disfrutar de esta experiencia con total tranquilidad.<span style=\"font-size: 1em;\"><span style=\"font-weight: bold;\"><br><\/span><\/span><\/p>    <\/div>\n<\/div>\n<!-- \/module text -->        <\/div>\n                        <\/div>\n        <\/div>\n                        <div  data-zooming-bg=\"desktop\" data-lazy=\"1\" class=\"module_row themify_builder_row tb_4l20479 tf_w\">\n            <span  class=\"builder_row_cover tf_abs\" data-lazy=\"1\"><\/span>            <div class=\"row_inner col_align_top tb_col_count_1 tf_box tf_rel\">\n                        <div  data-lazy=\"1\" class=\"module_column tb-column col-full tb_2glj479 first\">\n                            <\/div>\n                        <\/div>\n        <\/div>\n        <\/div>\n<!--\/themify_builder_content-->","protected":false},"excerpt":{"rendered":"<p>VIA FERRATA &amp; CORDATA AU-DESSUS DU VERDON La fa\u00e7on la plus ludique de prendre de la hauteur Pr\u00eats pour une aventure palpitante dans notre r\u00e9gion&nbsp;? La via ferrata vous invite \u00e0 d\u00e9couvrir ces paysages spectaculaires d&rsquo;une mani\u00e8re unique. Accroch\u00e9 \u00e0 des parois rocheuses vertigineuses, vous progresserez en toute s\u00e9curit\u00e9 gr\u00e2ce aux c\u00e2bles, \u00e9chelles et tyroliennes [&hellip;]<\/p>\n","protected":false},"author":778,"featured_media":2658,"parent":0,"menu_order":22,"comment_status":"closed","ping_status":"closed","template":"","meta":{"_monsterinsights_skip_tracking":false,"_monsterinsights_sitenote_active":false,"_monsterinsights_sitenote_note":"","_monsterinsights_sitenote_category":0,"footnotes":""},"class_list":["post-51","page","type-page","status-publish","has-post-thumbnail","hentry","has-post-title","has-post-date","has-post-category","has-post-tag","has-post-comment","has-post-author",""],"builder_content":"<h1 style=\"text-align: center;\">VIA FERRATA &amp; CORDATA AU-DESSUS DU VERDON<\/h1> <h5 style=\"text-align: center;\">La fa\u00e7on la plus ludique de prendre de la hauteur<\/h5>\n<h1 style=\"text-align: center;\">Pr\u00eats pour une aventure palpitante dans notre r\u00e9gion ?<\/h1> <p style=\"text-align: center;\">La via ferrata vous invite \u00e0 d\u00e9couvrir ces paysages spectaculaires d'une mani\u00e8re unique. Accroch\u00e9 \u00e0 des parois rocheuses vertigineuses, vous progresserez en toute s\u00e9curit\u00e9 gr\u00e2ce aux c\u00e2bles, \u00e9chelles et tyroliennes soigneusement install\u00e9s.<br>Laissez-vous envo\u00fbter par la sensation de libert\u00e9 tout en savourant des vues \u00e0 couper le souffle sur le canyon. Accessible \u00e0 tous, ce parcours promet des sensations fortes et des souvenirs imp\u00e9rissables au c\u0153ur d'un des joyaux naturels de la Provence. <br><br>Un baudrier avec 2 longes, un casque, une paire de gants et c'est parti !<br><\/p>\n<h2 style=\"text-align: center;\">Notre parcours de via ferrata<\/h2>\n<a href=\"https:\/\/www.experience-verdon.com\/via-ferrata-puget-theniers\/\"> <img src=\"https:\/\/www.experience-verdon.com\/wp-content\/uploads\/2024\/05\/via-ferrata-puget-pont-1.jpg\" title=\"OLYMPUS DIGITAL CAMERA\" alt=\"OLYMPUS DIGITAL CAMERA\" srcset=\"https:\/\/www.experience-verdon.com\/wp-content\/uploads\/2024\/05\/via-ferrata-puget-pont-1.jpg 1434w, https:\/\/www.experience-verdon.com\/wp-content\/uploads\/2024\/05\/via-ferrata-puget-pont-1-300x199.jpg 300w, https:\/\/www.experience-verdon.com\/wp-content\/uploads\/2024\/05\/via-ferrata-puget-pont-1-1024x680.jpg 1024w, https:\/\/www.experience-verdon.com\/wp-content\/uploads\/2024\/05\/via-ferrata-puget-pont-1-768x510.jpg 768w, https:\/\/www.experience-verdon.com\/wp-content\/uploads\/2024\/05\/via-ferrata-puget-pont-1-18x12.jpg 18w, https:\/\/www.experience-verdon.com\/wp-content\/uploads\/2024\/05\/via-ferrata-puget-pont-1-1024x680-1000x663.jpg 1000w, https:\/\/www.experience-verdon.com\/wp-content\/uploads\/2024\/05\/via-ferrata-puget-pont-1-1024x680-800x531.jpg 800w\" sizes=\"(max-width: 1434px) 100vw, 1434px\" \/> <\/a>\n<h2>Exclusivit\u00e9 Exp\u00e9rience Verdon :<br>La via ferrata du Puget<\/h2> <p>Cette via Ferrata a \u00e9t\u00e9 r\u00e9-equip\u00e9e par nos guides en 2018 et nous en sommes les gestionnaires actuels pour votre plus grand plaisir. !\u00a0<\/p>\n<a href=\"https:\/\/www.experience-verdon.com\/via-ferrata-puget-theniers\/\"> D\u00e9couvrir ce parcours <\/a>\n<h2 style=\"text-align: center;\">Les parcours de via cordata<\/h2>\n[ptb type=\"via-ferrata-cordata\" orderby=\"via_ferrata_cordata_compteur\" order=\"asc\" masonry=\"0\" offset=\"0\" posts_per_page=\"10\" style=\"list-post\" ptb_meta_via_ferrata_cordata_titre_exist=\"1\" ptb_meta_via_ferrata_cordata_niveau_exist=\"1\" ptb_meta_via_ferrata_cordata_type_exist=\"1\" ptb_meta_via_ferrata_cordata_duree_exist=\"1\" ptb_meta_via_ferrata_cordata_age_exist=\"1\" ptb_meta_via_ferrata_cordata_prix_exist=\"1\" ptb_meta_via_ferrata_cordata_compteur_exist=\"1\"]\n[themify_layout_part id=\"3077\"]\n<h2 style=\"text-align: center;\">Via Ferrata au-dessus des Gorges du Verdon<\/h2> <p style=\"text-align: center;\">La via ferrata est la fa\u00e7on la plus ludique de prendre de la hauteur et de d\u00e9couvrir les paysages spectaculaires des Gorges du Verdon. Accroch\u00e9 \u00e0 des parois rocheuses vertigineuses, vous progresserez en toute s\u00e9curit\u00e9 gr\u00e2ce aux c\u00e2bles, \u00e9chelles et tyroliennes soigneusement install\u00e9s. Pr\u00eat pour une aventure palpitante ? Laissez-vous envo\u00fbter par la sensation de libert\u00e9 tout en savourant des vues \u00e0 couper le souffle sur le canyon. Accessible \u00e0 tous, ce parcours promet des sensations fortes et des souvenirs imp\u00e9rissables au c\u0153ur d\u2019un des joyaux naturels de la Provence.<br><\/p>\n<h2 style=\"text-align: center;\">Un \u00e9quipement s\u00e9curis\u00e9 pour une aventure sans risque<\/h2> <p style=\"text-align: center;\">Pour garantir votre s\u00e9curit\u00e9 tout au long du parcours de via ferrata, nous fournissons tout l\u2019\u00e9quipement n\u00e9cessaire : un baudrier avec deux longes, un casque et une paire de gants. Avant de commencer, nos guides exp\u00e9riment\u00e9s vous donneront un briefing complet sur l'utilisation de l'\u00e9quipement et les consignes de s\u00e9curit\u00e9. Que vous soyez d\u00e9butant ou aventurier aguerri, vous pourrez profiter pleinement de cette exp\u00e9rience en toute s\u00e9r\u00e9nit\u00e9.<br><\/p>\n<h1 style=\"text-align: center;\">Nos Sorties :<br><\/h1> <ul> <li style=\"list-style-type: none;\"> <ul> <li> <h3>Via ferrata de Puget-Th\u00e9niers<\/h3> Elle est raide, a\u00e9rienne et permet une vue panoramique exceptionnelle, son cot\u00e9 peu modulable (peu d\u2019\u00e9chappatoires) la rend accessibles aux personnes \u00e0 peine sportives mais pas aux personnes \u00e9motives ou souffrantes de vertiges...\nCette via est aussi accessible en autonomie : renseignements <a href=\"https:\/\/www.via-ferrata-puget.com\/#!\">via ferrata puget th\u00e9niers<\/a> et sa fameuse nouvelle <a href=\"https:\/\/www.youtube.com\/watch?v=FZA71VkC6KA\">tyrolienne de 470m<\/a>!!\n<\/li><\/ul><\/li><\/ul><p style=\"text-align: center;\"><br><\/p>\n<ul> <li style=\"list-style-type: none;\"> <ul> <li> <h3>Via-cordata couloir Samson<\/h3> Magnifique ballade \u00ab technique \u00bb dans la sauvage rive gauche des gorges, cet itin\u00e9raire emprunte des installations (\u00e9chelles passerelles...) de plus de 150 ans utilis\u00e9e dans un projet (heureusement abandonn\u00e9!!!) de barrage \u00e0 l\u2019int\u00e9rieur des gorges. Remis au go\u00fbt du jour (et surtout en s\u00e9curit\u00e9) cette \u00ab via \u00bb se termine par deux grands rappels pour aboutir dans le prestigieux site de la \u00ab<a>Baume aux pigeons<\/a>\u00bb;\n<a>Le saut pendulaire de la fin de la via<\/a>\n<figure> <br><\/figure><figure> <br><\/figure> <\/li> <\/ul> <\/li> <\/ul> <p style=\"text-align: center;\"><strong>Tarif: 70\u20ac<\/strong> <a href=\"http:\/\/www.experience-verdon.com\/tarifs\/\">Plus d'informations sur les tarifs<\/a><\/p>\n<ul> <li style=\"list-style-type: none;\"> <ul> <li> <h3>Main-morte+via-cordata<\/h3> Cette activit\u00e9 vous propose de descendre par le biais de nombreux rappels le canyon sec de \u00ab main-morte \u00bb pour finir par une remont\u00e9e \u00e9pique en escalade dans la falaise qui surplombe le Verdon, une belle \u00bd journ\u00e9e dans la fra\u00eecheur du ravin.<\/li> <\/ul> <\/li> <\/ul> <p style=\"text-align: center;\"><strong>Tarif: 55\u20ac<\/strong> <a href=\"http:\/\/www.experience-verdon.com\/tarifs\/\">Plus d'informations sur les tarifs<\/a><\/p>\n<ul> <li style=\"list-style-type: none;\"> <ul> <li> <h3>Rando-aventure Annot<\/h3> Changement de registre et de cadre, nous voici dans la foret d\u2019Annot (plus grand massif de gr\u00e9s Fran\u00e7ais <a href=\"http:\/\/www.annot.fr\/\" target=\"_blank\" rel=\"noopener\">http:\/\/www.annot.fr\/<\/a> ), la v\u00e9g\u00e9tation et le paysage changent compl\u00e8tement et nous vous proposons une ballade un peu \u00e9trange passant dans des tunnels secrets et des escaliers taill\u00e9s \u00e0 m\u00eame la falaise par nos pr\u00e9d\u00e9cesseurs du moyen-age. Quelques passages sur corde et rappels nous permettrons d\u2019atteindre le sommet du massif et apr\u00e8s la visite d\u2019une superbe arche naturelle, nous reviendrons sur nos pas par un sentier plus classique.\n<figure> <br><\/figure><figure> <br><\/figure><figure> <br><\/figure><figure> <br><\/figure> <\/li> <\/ul> <\/li> <\/ul> <p style=\"text-align: center;\"><strong>Tarif: 40\u20ac<\/strong> <a href=\"http:\/\/www.experience-verdon.com\/tarifs\/\">Plus d'informations sur les tarifs<\/a><\/p>\n<ul> <li style=\"list-style-type: none;\"> <ul> <li> <h3>Trou du renard<\/h3> Ce site ressemble \u00e0 un parcours aventure..\n<figure> <br><\/figure><figure> <br><\/figure><figure> <a href=\"https:\/\/www.experience-verdon.com\/wp-content\/uploads\/2015\/07\/10-5.jpg\"><img width=\"400\" height=\"300\" src=\"https:\/\/www.experience-verdon.com\/wp-content\/uploads\/2015\/07\/10-5.jpg\" alt=\"\" decoding=\"async\" loading=\"lazy\" srcset=\"https:\/\/www.experience-verdon.com\/wp-content\/uploads\/2015\/07\/10-5.jpg 400w, https:\/\/www.experience-verdon.com\/wp-content\/uploads\/2015\/07\/10-5-300x225.jpg 300w\" sizes=\"auto, (max-width: 400px) 100vw, 400px\"><\/a> <\/figure><figure> <a href=\"https:\/\/www.experience-verdon.com\/wp-content\/uploads\/2015\/07\/9-8.jpg\"><img width=\"400\" height=\"300\" src=\"https:\/\/www.experience-verdon.com\/wp-content\/uploads\/2015\/07\/9-8.jpg\" alt=\"\" decoding=\"async\" loading=\"lazy\" srcset=\"https:\/\/www.experience-verdon.com\/wp-content\/uploads\/2015\/07\/9-8.jpg 400w, https:\/\/www.experience-verdon.com\/wp-content\/uploads\/2015\/07\/9-8-300x225.jpg 300w\" sizes=\"auto, (max-width: 400px) 100vw, 400px\"><\/a> <\/figure><figure> <a href=\"https:\/\/www.experience-verdon.com\/wp-content\/uploads\/2015\/07\/8-10.jpg\"><img width=\"400\" height=\"300\" src=\"https:\/\/www.experience-verdon.com\/wp-content\/uploads\/2015\/07\/8-10.jpg\" alt=\"\" decoding=\"async\" loading=\"lazy\" srcset=\"https:\/\/www.experience-verdon.com\/wp-content\/uploads\/2015\/07\/8-10.jpg 400w, https:\/\/www.experience-verdon.com\/wp-content\/uploads\/2015\/07\/8-10-300x225.jpg 300w\" sizes=\"auto, (max-width: 400px) 100vw, 400px\"><\/a> <\/figure><figure> <a href=\"https:\/\/www.experience-verdon.com\/wp-content\/uploads\/2015\/07\/7-10.jpg\"><img width=\"400\" height=\"300\" src=\"https:\/\/www.experience-verdon.com\/wp-content\/uploads\/2015\/07\/7-10.jpg\" alt=\"\" decoding=\"async\" loading=\"lazy\" srcset=\"https:\/\/www.experience-verdon.com\/wp-content\/uploads\/2015\/07\/7-10.jpg 400w, https:\/\/www.experience-verdon.com\/wp-content\/uploads\/2015\/07\/7-10-300x225.jpg 300w\" sizes=\"auto, (max-width: 400px) 100vw, 400px\"><\/a> <\/figure><figure> <a href=\"https:\/\/www.experience-verdon.com\/wp-content\/uploads\/2015\/07\/6-9.jpg\"><img width=\"400\" height=\"300\" src=\"https:\/\/www.experience-verdon.com\/wp-content\/uploads\/2015\/07\/6-9.jpg\" alt=\"\" decoding=\"async\" loading=\"lazy\" srcset=\"https:\/\/www.experience-verdon.com\/wp-content\/uploads\/2015\/07\/6-9.jpg 400w, https:\/\/www.experience-verdon.com\/wp-content\/uploads\/2015\/07\/6-9-300x225.jpg 300w\" sizes=\"auto, (max-width: 400px) 100vw, 400px\"><\/a> <\/figure><figure> <a href=\"https:\/\/www.experience-verdon.com\/wp-content\/uploads\/2015\/07\/5-12.jpg\"><img width=\"400\" height=\"300\" src=\"https:\/\/www.experience-verdon.com\/wp-content\/uploads\/2015\/07\/5-12.jpg\" alt=\"\" decoding=\"async\" loading=\"lazy\" srcset=\"https:\/\/www.experience-verdon.com\/wp-content\/uploads\/2015\/07\/5-12.jpg 400w, https:\/\/www.experience-verdon.com\/wp-content\/uploads\/2015\/07\/5-12-300x225.jpg 300w\" sizes=\"auto, (max-width: 400px) 100vw, 400px\"><\/a> <\/figure><figure> <a href=\"https:\/\/www.experience-verdon.com\/wp-content\/uploads\/2015\/07\/4-20.jpg\"><img width=\"400\" height=\"300\" src=\"https:\/\/www.experience-verdon.com\/wp-content\/uploads\/2015\/07\/4-20.jpg\" alt=\"\" decoding=\"async\" loading=\"lazy\" srcset=\"https:\/\/www.experience-verdon.com\/wp-content\/uploads\/2015\/07\/4-20.jpg 400w, https:\/\/www.experience-verdon.com\/wp-content\/uploads\/2015\/07\/4-20-300x225.jpg 300w\" sizes=\"auto, (max-width: 400px) 100vw, 400px\"><\/a> <\/figure><figure> <a href=\"https:\/\/www.experience-verdon.com\/wp-content\/uploads\/2015\/07\/3-21.jpg\"><img width=\"400\" height=\"300\" src=\"https:\/\/www.experience-verdon.com\/wp-content\/uploads\/2015\/07\/3-21.jpg\" alt=\"\" decoding=\"async\" loading=\"lazy\" srcset=\"https:\/\/www.experience-verdon.com\/wp-content\/uploads\/2015\/07\/3-21.jpg 400w, https:\/\/www.experience-verdon.com\/wp-content\/uploads\/2015\/07\/3-21-300x225.jpg 300w\" sizes=\"auto, (max-width: 400px) 100vw, 400px\"><\/a> <\/figure><figure> <a href=\"https:\/\/www.experience-verdon.com\/wp-content\/uploads\/2015\/07\/2-20.jpg\"><img width=\"400\" height=\"300\" src=\"https:\/\/www.experience-verdon.com\/wp-content\/uploads\/2015\/07\/2-20.jpg\" alt=\"\" decoding=\"async\" loading=\"lazy\" srcset=\"https:\/\/www.experience-verdon.com\/wp-content\/uploads\/2015\/07\/2-20.jpg 400w, https:\/\/www.experience-verdon.com\/wp-content\/uploads\/2015\/07\/2-20-300x225.jpg 300w\" sizes=\"auto, (max-width: 400px) 100vw, 400px\"><\/a> <\/figure><figure> <a href=\"https:\/\/www.experience-verdon.com\/wp-content\/uploads\/2015\/07\/1-20.jpg\"><img width=\"400\" height=\"300\" src=\"https:\/\/www.experience-verdon.com\/wp-content\/uploads\/2015\/07\/1-20.jpg\" alt=\"\" decoding=\"async\" loading=\"lazy\" srcset=\"https:\/\/www.experience-verdon.com\/wp-content\/uploads\/2015\/07\/1-20.jpg 400w, https:\/\/www.experience-verdon.com\/wp-content\/uploads\/2015\/07\/1-20-300x225.jpg 300w\" sizes=\"auto, (max-width: 400px) 100vw, 400px\"><\/a> <\/figure> <\/li> <\/ul> <\/li> <\/ul> <p style=\"text-align: center;\"><strong>Tarif: 50\u20ac<\/strong> <a href=\"http:\/\/www.experience-verdon.com\/tarifs\/\">Plus d'informations sur les tarifs<\/a><\/p>\n<ul> <li style=\"list-style-type: none;\"> <ul> <li> <h3>Baume aux pigeons<\/h3> Accessible par les tunnels du sentier martel, cette grande grotte surplombant le Verdon est le th\u00e9\u00e2tre de nombreuses activit\u00e9s verticales permettant en les combinant d\u2019y proposer un circuit amusant et parfois impressionnant ou du \u00abmultiposte\u00bb pour les groupes et s\u00e9minaires. (Nous n\u2019utilisons ce site que pour les groupes).\n<iframe loading=\"lazy\" src=\"https:\/\/www.youtube.com\/embed\/FNSXs-PUaq0\" width=\"100%\" height=\"315\" frameborder=\"0\" allowfullscreen=\"allowfullscreen\"><\/iframe>\n<figure> <a href=\"https:\/\/www.experience-verdon.com\/wp-content\/uploads\/2015\/07\/8-11.jpg\"><img width=\"400\" height=\"300\" src=\"https:\/\/www.experience-verdon.com\/wp-content\/uploads\/2015\/07\/8-11.jpg\" alt=\"\" decoding=\"async\" loading=\"lazy\" srcset=\"https:\/\/www.experience-verdon.com\/wp-content\/uploads\/2015\/07\/8-11.jpg 400w, https:\/\/www.experience-verdon.com\/wp-content\/uploads\/2015\/07\/8-11-300x225.jpg 300w\" sizes=\"auto, (max-width: 400px) 100vw, 400px\"><\/a> <\/figure><figure> <a href=\"https:\/\/www.experience-verdon.com\/wp-content\/uploads\/2015\/07\/7-11.jpg\"><img width=\"400\" height=\"300\" src=\"https:\/\/www.experience-verdon.com\/wp-content\/uploads\/2015\/07\/7-11.jpg\" alt=\"\" decoding=\"async\" loading=\"lazy\" srcset=\"https:\/\/www.experience-verdon.com\/wp-content\/uploads\/2015\/07\/7-11.jpg 400w, https:\/\/www.experience-verdon.com\/wp-content\/uploads\/2015\/07\/7-11-300x225.jpg 300w\" sizes=\"auto, (max-width: 400px) 100vw, 400px\"><\/a> <\/figure><figure> <a href=\"https:\/\/www.experience-verdon.com\/wp-content\/uploads\/2015\/07\/6-10.jpg\"><img width=\"400\" height=\"300\" src=\"https:\/\/www.experience-verdon.com\/wp-content\/uploads\/2015\/07\/6-10.jpg\" alt=\"\" decoding=\"async\" loading=\"lazy\" srcset=\"https:\/\/www.experience-verdon.com\/wp-content\/uploads\/2015\/07\/6-10.jpg 400w, https:\/\/www.experience-verdon.com\/wp-content\/uploads\/2015\/07\/6-10-300x225.jpg 300w\" sizes=\"auto, (max-width: 400px) 100vw, 400px\"><\/a> <\/figure><figure> <a href=\"https:\/\/www.experience-verdon.com\/wp-content\/uploads\/2015\/07\/5-13.jpg\"><img width=\"400\" height=\"300\" src=\"https:\/\/www.experience-verdon.com\/wp-content\/uploads\/2015\/07\/5-13.jpg\" alt=\"\" decoding=\"async\" loading=\"lazy\" srcset=\"https:\/\/www.experience-verdon.com\/wp-content\/uploads\/2015\/07\/5-13.jpg 400w, https:\/\/www.experience-verdon.com\/wp-content\/uploads\/2015\/07\/5-13-300x225.jpg 300w\" sizes=\"auto, (max-width: 400px) 100vw, 400px\"><\/a> <\/figure><figure> <a href=\"https:\/\/www.experience-verdon.com\/wp-content\/uploads\/2015\/07\/4-21.jpg\"><img width=\"400\" height=\"300\" src=\"https:\/\/www.experience-verdon.com\/wp-content\/uploads\/2015\/07\/4-21.jpg\" alt=\"\" decoding=\"async\" loading=\"lazy\" srcset=\"https:\/\/www.experience-verdon.com\/wp-content\/uploads\/2015\/07\/4-21.jpg 400w, https:\/\/www.experience-verdon.com\/wp-content\/uploads\/2015\/07\/4-21-300x225.jpg 300w\" sizes=\"auto, (max-width: 400px) 100vw, 400px\"><\/a> <\/figure><figure> <a href=\"https:\/\/www.experience-verdon.com\/wp-content\/uploads\/2015\/07\/3-22.jpg\"><img width=\"400\" height=\"300\" src=\"https:\/\/www.experience-verdon.com\/wp-content\/uploads\/2015\/07\/3-22.jpg\" alt=\"\" decoding=\"async\" loading=\"lazy\" srcset=\"https:\/\/www.experience-verdon.com\/wp-content\/uploads\/2015\/07\/3-22.jpg 400w, https:\/\/www.experience-verdon.com\/wp-content\/uploads\/2015\/07\/3-22-300x225.jpg 300w\" sizes=\"auto, (max-width: 400px) 100vw, 400px\"><\/a> <\/figure><figure> <a href=\"https:\/\/www.experience-verdon.com\/wp-content\/uploads\/2015\/07\/2-21.jpg\"><img width=\"400\" height=\"300\" src=\"https:\/\/www.experience-verdon.com\/wp-content\/uploads\/2015\/07\/2-21.jpg\" alt=\"\" decoding=\"async\" loading=\"lazy\" srcset=\"https:\/\/www.experience-verdon.com\/wp-content\/uploads\/2015\/07\/2-21.jpg 400w, https:\/\/www.experience-verdon.com\/wp-content\/uploads\/2015\/07\/2-21-300x225.jpg 300w\" sizes=\"auto, (max-width: 400px) 100vw, 400px\"><\/a> <\/figure><figure> <a href=\"https:\/\/www.experience-verdon.com\/wp-content\/uploads\/2015\/07\/1-21.jpg\"><img width=\"400\" height=\"300\" src=\"https:\/\/www.experience-verdon.com\/wp-content\/uploads\/2015\/07\/1-21.jpg\" alt=\"\" decoding=\"async\" loading=\"lazy\" srcset=\"https:\/\/www.experience-verdon.com\/wp-content\/uploads\/2015\/07\/1-21.jpg 400w, https:\/\/www.experience-verdon.com\/wp-content\/uploads\/2015\/07\/1-21-300x225.jpg 300w\" sizes=\"auto, (max-width: 400px) 100vw, 400px\"><\/a> <\/figure> <\/li> <\/ul> <\/li> <\/ul> <p style=\"text-align: center;\"><strong>Tarif: 50\u20ac<\/strong> <a href=\"http:\/\/www.experience-verdon.com\/tarifs\/\">Plus d'informations sur les tarifs<\/a><\/p>\n<table border=\"0\" width=\"100%\" cellspacing=\"0\" cellpadding=\"0\"> <tbody> <tr> <td align=\"center\" nowrap=\"nowrap\" width=\"20%\" height=\"0\"><strong>Parcours<\/strong><\/td> <td align=\"center\" nowrap=\"nowrap\" width=\"16%\" height=\"0\"><strong>Duree<\/strong><\/td> <td align=\"center\" nowrap=\"nowrap\" width=\"25%\" height=\"0\"><strong>Style<\/strong><\/td> <td align=\"center\" nowrap=\"nowrap\" width=\"7%\" height=\"0\"><strong>Niveau<\/strong><\/td> <td align=\"center\" nowrap=\"nowrap\" width=\"7%\" height=\"0\"><strong>Age mini <\/strong><\/td> <td align=\"center\" nowrap=\"nowrap\" width=\"7%\" height=\"0\"><strong>Zone<\/strong><\/td> <td align=\"center\" nowrap=\"nowrap\" width=\"13%\" height=\"0\"><strong>Marche approche<\/strong><\/td> <td align=\"center\" nowrap=\"nowrap\" width=\"5%\"><strong>Tarif \u20ac <\/strong><\/td> <\/tr> <tr> <td nowrap=\"nowrap\" height=\"17\"><a href=\"http:\/\/www.procanyon.com\/activite\/ferrata\/puget-theniers.htm\">Via ferrata de Puget-Th\u00e9niers<\/a><\/td> <td nowrap=\"nowrap\">3\/4journ\u00e9e<\/td> <td nowrap=\"nowrap\">A\u00e9rienne<\/td> <td nowrap=\"nowrap\">D\u00e9butant<\/td> <td nowrap=\"nowrap\">12 ans<\/td> <td nowrap=\"nowrap\">Annot<\/td> <td nowrap=\"nowrap\">10' + 20'<\/td> <td align=\"center\" nowrap=\"nowrap\"><strong>50<\/strong><\/td> <\/tr> <tr> <td nowrap=\"nowrap\" height=\"17\"><\/td> <td nowrap=\"nowrap\"><\/td> <td nowrap=\"nowrap\"><\/td> <td nowrap=\"nowrap\"><\/td> <td nowrap=\"nowrap\"><\/td> <td nowrap=\"nowrap\"><\/td> <td nowrap=\"nowrap\"><\/td> <td align=\"center\" nowrap=\"nowrap\"><\/td> <\/tr> <tr> <td colspan=\"2\" nowrap=\"nowrap\" height=\"17\"><a href=\"http:\/\/www.procanyon.com\/activite\/ferrata\/couloir_samson.htm\">Via-cordata couloirs Samson<\/a> + saut pendulaire<\/td> <td nowrap=\"nowrap\">Vertigineuse<\/td> <td nowrap=\"nowrap\">S\u00e9rieux<\/td> <td nowrap=\"nowrap\">14 ans<\/td> <td nowrap=\"nowrap\">La Palud<\/td> <td nowrap=\"nowrap\">15'<\/td> <td align=\"center\" nowrap=\"nowrap\"><strong>70<\/strong><\/td> <\/tr> <tr> <td nowrap=\"nowrap\" height=\"17\"><a href=\"http:\/\/www.procanyon.com\/activite\/ferrata\/main-morte.htm\">Main-morte<\/a> + via-cordatta<\/td> <td nowrap=\"nowrap\">1\/2 journ\u00e9e<\/td> <td nowrap=\"nowrap\">Technique et sauvage<\/td> <td nowrap=\"nowrap\">Moyen<\/td> <td nowrap=\"nowrap\">14 ans<\/td> <td nowrap=\"nowrap\">La Palud<\/td> <td nowrap=\"nowrap\">10' + 10'<\/td> <td align=\"center\" nowrap=\"nowrap\"><strong>55<\/strong><\/td> <\/tr> <tr> <td nowrap=\"nowrap\" height=\"17\"><a href=\"http:\/\/www.procanyon.com\/activite\/ferrata\/annot.htm\">Rando-aventure Annot<\/a><\/td> <td nowrap=\"nowrap\">1\/2 journ\u00e9e<\/td> <td nowrap=\"nowrap\">Myst\u00e9rieuse<\/td> <td nowrap=\"nowrap\">D\u00e9butant<\/td> <td nowrap=\"nowrap\">12 ans<\/td> <td nowrap=\"nowrap\">Annot<\/td> <td nowrap=\"nowrap\">Randonn\u00e9e 2h<\/td> <td align=\"center\" nowrap=\"nowrap\"><strong>40<\/strong><\/td> <\/tr> <tr> <td nowrap=\"nowrap\" height=\"17\"><a href=\"http:\/\/www.procanyon.com\/activite\/ferrata\/trou_renard.htm\">Trou du Renard<\/a><\/td> <td nowrap=\"nowrap\">1\/2 journ\u00e9e<\/td> <td nowrap=\"nowrap\">Ludique<\/td> <td nowrap=\"nowrap\">D\u00e9butant<\/td> <td nowrap=\"nowrap\">12 ans<\/td> <td nowrap=\"nowrap\">La Palud<\/td> <td nowrap=\"nowrap\">5' + 5'<\/td> <td align=\"center\" nowrap=\"nowrap\"><strong>50<\/strong><\/td> <\/tr> <tr> <td nowrap=\"nowrap\" height=\"17\"><a href=\"http:\/\/www.procanyon.com\/activite\/ferrata\/baume_aux_pigeons.htm\">Baume aux Pigeons <\/a><\/td> <td nowrap=\"nowrap\">1\/2 journ\u00e9e<\/td> <td nowrap=\"nowrap\">Technique, modulable<\/td> <td nowrap=\"nowrap\">Moyen<\/td> <td nowrap=\"nowrap\">14 ans<\/td> <td nowrap=\"nowrap\">La Palud<\/td> <td nowrap=\"nowrap\">10'<\/td> <td align=\"center\" nowrap=\"nowrap\"><strong>50<\/strong><\/td> <\/tr> <\/tbody> <\/table>","_links":{"self":[{"href":"https:\/\/www.experience-verdon.com\/es\/wp-json\/wp\/v2\/pages\/51","targetHints":{"allow":["GET"]}}],"collection":[{"href":"https:\/\/www.experience-verdon.com\/es\/wp-json\/wp\/v2\/pages"}],"about":[{"href":"https:\/\/www.experience-verdon.com\/es\/wp-json\/wp\/v2\/types\/page"}],"author":[{"embeddable":true,"href":"https:\/\/www.experience-verdon.com\/es\/wp-json\/wp\/v2\/users\/778"}],"replies":[{"embeddable":true,"href":"https:\/\/www.experience-verdon.com\/es\/wp-json\/wp\/v2\/comments?post=51"}],"version-history":[{"count":0,"href":"https:\/\/www.experience-verdon.com\/es\/wp-json\/wp\/v2\/pages\/51\/revisions"}],"wp:featuredmedia":[{"embeddable":true,"href":"https:\/\/www.experience-verdon.com\/es\/wp-json\/wp\/v2\/media\/2658"}],"wp:attachment":[{"href":"https:\/\/www.experience-verdon.com\/es\/wp-json\/wp\/v2\/media?parent=51"}],"curies":[{"name":"wp","href":"https:\/\/api.w.org\/{rel}","templated":true}]}}